{"id":42303,"date":"2023-02-08T11:34:07","date_gmt":"2023-02-08T10:34:07","guid":{"rendered":"https:\/\/ikivienna.at\/deutsch-kurse\/vecernji-kursevi-njemackog\/"},"modified":"2025-10-30T13:19:51","modified_gmt":"2025-10-30T12:19:51","slug":"vecernji-kursevi-njemackog-pon-srijed","status":"publish","type":"course","link":"https:\/\/ikivienna.at\/bs\/kurseve-njemackog-jezika\/vecernji-kursevi-njemackog-pon-srijed\/","title":{"rendered":"Ve\u010dernji kursevi njema\u010dkog pon.\/srijed."},"content":{"rendered":"<p>[vc_row full_width=&#8221;stretch_row&#8221; gap=&#8221;25&#8221; overflow=&#8221;default&#8221; css=&#8221;.vc_custom_1666943398964{padding-top: 45px !important;background-color: #efefef !important;}&#8221;][vc_column css_animation=&#8221;fadeIn&#8221; width=&#8221;1\/2&#8221; overflow=&#8221;default&#8221; css=&#8221;.vc_custom_1670340064957{margin-left: -7px !important;background-image: url(https:\/\/ikivienna.at\/wp-content\/uploads\/2022\/12\/PIC_abendacademy2.jpg?id=37093) !important;background-position: center !important;background-repeat: no-repeat !important;background-size: cover !important;}&#8221;][vc_empty_space height=&#8221;300px&#8221;][\/vc_column][vc_column width=&#8221;1\/2&#8221; overflow=&#8221;default&#8221; css=&#8221;.vc_custom_1670340349113{margin-top: -25px !important;}&#8221;]\r\n<div class=\"sh-heading  \" id=\"heading-IYqcyxfWF3\">\r\n\t<div class=\"sh-element-margin\">\r\n\r\n\t\t\r\n\t\t\t<h1 class=\"sh-heading-content size-default text-left\">\r\n\t\t\t\tVe\u010dernji kursevi njema\u010dkog\t\t\t<\/h1>\r\n\r\n\t\t\r\n\t<\/div>\r\n<\/div>\r\n            <style type=\"text\/css\">\r\n                #heading-IYqcyxfWF3 .sh-element-margin {margin: -25x 0px 20px 0px;}#heading-IYqcyxfWF3 .sh-heading-content {font-weight: 700!important;color: #000000;}#heading-IYqcyxfWF3 .sh-heading-content,#heading-IYqcyxfWF3 .sh-heading-additional-text {}            <\/style>\r\n        [vc_column_text el_class=&#8221;h4-no-padding&#8221; css=&#8221;.vc_custom_1755786027934{margin-top: 15px !important;}&#8221;]<\/p>\n<h4><strong>Cijena kursa: \u20ac 279 \u2013 \u20ac 469<\/strong><\/h4>\n<p>[\/vc_column_text][vc_column_text css=&#8221;.vc_custom_1755786063638{margin-top: -15px !important;}&#8221;]<\/p>\n<ul>\n<li><strong>Raspored \u010dasova:<\/strong> ponedjeljak i srijeda ili utorak i \u010detvrtak, od 18:00 do 20:00<\/li>\n<li><strong>Nastavne jedinice:<\/strong> 54 jedinice po 45 minuta<\/li>\n<li><strong>Nivoi kursa:<\/strong> A1, A2, B1, B2, C1, C2, prema Zajedni\u010dkom evropskom referentnom okviru za jezike (CEFR)<\/li>\n<li><strong>Kursni materijali:<\/strong> pau\u0161al od \u20ac 25,- za knjige, kopije, potvrde i certifikate<\/li>\n<\/ul>\n<p>[\/vc_column_text][\/vc_column][\/vc_row][vc_row overflow=&#8221;default&#8221;][vc_column]\r\n<div class=\"sh-heading  \" id=\"heading-pVZEft3kqA\">\r\n\t<div class=\"sh-element-margin\">\r\n\r\n\t\t\r\n\t\t\t<h4 class=\"sh-heading-content size-default text-left\">\r\n\t\t\t\tVe\u010dernji kursevi njema\u010dkog \u2013 u\u010di njema\u010dki uz svoj posao!\t\t\t<\/h4>\r\n\r\n\t\t\r\n\t<\/div>\r\n<\/div>\r\n            <style type=\"text\/css\">\r\n                #heading-pVZEft3kqA .sh-element-margin {margin: -25px 0px 15px 0px;}#heading-pVZEft3kqA .sh-heading-content {font-weight: 700!important;}#heading-pVZEft3kqA .sh-heading-content,#heading-pVZEft3kqA .sh-heading-additional-text {}            <\/style>\r\n        [vc_column_text]<strong>Certifikat<\/strong>: Nakon uspje\u0161nog zavr\u0161etka kursa dobi\u0107e\u0161 IKI certifikat koji potvr\u0111uje tvoj napredak u u\u010denju. Svaki blok kursa pokriva jedan cijeli jezi\u010dki nivo.<\/p>\n<p><strong>Ve\u010dernji kursevi ljeti<\/strong>: Tokom ljeta mo\u017ee\u0161 poha\u0111ati dva petosedmi\u010dna kursa, jer se u augustu ve\u010dernji kursevi ne odr\u017eavaju.<\/p>\n<p><strong>Praznici<\/strong>: Na praznike nema nastave. Izgubljeni \u010dasovi \u0107e biti nadokna\u0111eni.<br \/>\n[\/vc_column_text][\/vc_column][\/vc_row][vc_row overflow=&#8221;default&#8221; css=&#8221;.vc_custom_1755786157302{margin-bottom: 10px !important;}&#8221;][vc_column]\r\n<div id=\"button-FbjipVouU7\" class=\"sh-button-container  sh-button-style-2\">\r\n\t<div class=\"sh-element-margin\">\r\n\t\t<a href=\"https:\/\/ikivienna.at\/bs\/kontakt-anmeldung\/\" target=\"_self\" class=\"sh-button sh-button-medium sh-button-icon-left\">\r\n\r\n\t\t\t\t\t\t\t<span class=\"sh-button-icon\">\r\n\t\t\t\t\t<i class=\"icon-graduation\"><\/i>\r\n\t\t\t\t<\/span>\r\n\t\t\t\r\n\t\t\t\t\t\t\t<span class=\"sh-button-text\">\r\n\t\t\t\t\tUpi\u0161i se sada!\t\t\t\t<\/span>\r\n\t\t\t\r\n\t\t\t\r\n\t\t<\/a>\r\n\t\t\t<\/div>\r\n<\/div>\r\n            <style type=\"text\/css\">\r\n                #button-FbjipVouU7 .sh-button {border-radius: 5px;background-color: #3f3f3f;color: #ffffff;}#button-FbjipVouU7 {}#button-FbjipVouU7:not(.sh-button-style-2) .sh-button:hover {}#button-FbjipVouU7.sh-button-style-2 .sh-button:after {}#button-FbjipVouU7.sh-button-style-2 .sh-button:hover {}@media (max-width: 800px) {#button-FbjipVouU7 {text-align: center;}}            <\/style>\r\n        [\/vc_column][\/vc_row]<\/p>\n","protected":false},"featured_media":40452,"parent":0,"template":"","acf":[],"yoast_head":"<!-- This site is optimized with the Yoast SEO plugin v17.0 - https:\/\/yoast.com\/wordpress\/plugins\/seo\/ -->\n<title>Ve\u010dernji kursevi njema\u010dkog pon.\/srijed. - IKI kursevi njema\u010dkog jezika u Be\u010du - u\u010denje njema\u010dkog jezika u Be\u010du<\/title>\n<meta name=\"robots\" content=\"index, follow, max-snippet:-1, max-image-preview:large, max-video-preview:-1\" \/>\n<link rel=\"canonical\" href=\"https:\/\/ikivienna.at\/bs\/kurseve-njemackog-jezika\/vecernji-kursevi-njemackog-pon-srijed\/\" \/>\n<meta property=\"og:locale\" content=\"bs_BA\" \/>\n<meta property=\"og:type\" content=\"article\" \/>\n<meta property=\"og:title\" content=\"Ve\u010dernji kursevi njema\u010dkog pon.\/srijed. - IKI kursevi njema\u010dkog jezika u Be\u010du - u\u010denje njema\u010dkog jezika u Be\u010du\" \/>\n<meta property=\"og:description\" content=\"[vc_row full_width=&#8221;stretch_row&#8221; gap=&#8221;25&#8221; overflow=&#8221;default&#8221; css=&#8221;.vc_custom_1666943398964{padding-top: 45px !important;background-color: #efefef !important;}&#8221;][vc_column css_animation=&#8221;fadeIn&#8221; width=&#8221;1\/2&#8221; overflow=&#8221;default&#8221; css=&#8221;.vc_custom_1670340064957{margin-left: -7px !important;background-image: url(https:\/\/ikivienna.at\/wp-content\/uploads\/2022\/12\/PIC_abendacademy2.jpg?id=37093) !important;background-position: center !important;background-repeat: no-repeat !important;background-size: cover !important;}&#8221;][vc_empty_space height=&#8221;300px&#8221;][\/vc_column][vc_column width=&#8221;1\/2&#8221; overflow=&#8221;default&#8221; css=&#8221;.vc_custom_1670340349113{margin-top: -25px !important;}&#8221;] Ve\u010dernji kursevi njema\u010dkog [vc_column_text el_class=&#8221;h4-no-padding&#8221; css=&#8221;.vc_custom_1755786027934{margin-top: 15px !important;}&#8221;] Cijena kursa: \u20ac 279 \u2013 \u20ac 469 [\/vc_column_text][vc_column_text...\" \/>\n<meta property=\"og:url\" content=\"https:\/\/ikivienna.at\/bs\/kurseve-njemackog-jezika\/vecernji-kursevi-njemackog-pon-srijed\/\" \/>\n<meta property=\"og:site_name\" content=\"IKI kursevi njema\u010dkog jezika u Be\u010du - u\u010denje njema\u010dkog jezika u Be\u010du\" \/>\n<meta property=\"article:publisher\" content=\"https:\/\/www.facebook.com\/internationaleskulturinstitut\" \/>\n<meta property=\"article:modified_time\" content=\"2025-10-30T12:19:51+00:00\" \/>\n<meta property=\"og:image\" content=\"https:\/\/ikivienna.at\/wp-content\/uploads\/2023\/01\/IKI_Kurse_BA_160120233_abend.jpg\" \/>\n\t<meta property=\"og:image:width\" content=\"1181\" \/>\n\t<meta property=\"og:image:height\" content=\"1181\" \/>\n<meta name=\"twitter:card\" content=\"summary_large_image\" \/>\n<meta name=\"twitter:label1\" content=\"Est. reading time\" \/>\n\t<meta name=\"twitter:data1\" content=\"1 minuta\" \/>\n<script type=\"application\/ld+json\" class=\"yoast-schema-graph\">{\"@context\":\"https:\/\/schema.org\",\"@graph\":[{\"@type\":\"WebSite\",\"@id\":\"https:\/\/ikivienna.at\/#website\",\"url\":\"https:\/\/ikivienna.at\/\",\"name\":\"IKI kursevi njema\\u010dkog jezika u Be\\u010du - u\\u010denje njema\\u010dkog jezika u Be\\u010du\",\"description\":\"IKI Internationales Kulturinstitut - \\u0161kola jezika\",\"potentialAction\":[{\"@type\":\"SearchAction\",\"target\":{\"@type\":\"EntryPoint\",\"urlTemplate\":\"https:\/\/ikivienna.at\/?s={search_term_string}\"},\"query-input\":\"required name=search_term_string\"}],\"inLanguage\":\"bs-BA\"},{\"@type\":\"ImageObject\",\"@id\":\"https:\/\/ikivienna.at\/bs\/kurseve-njemackog-jezika\/vecernji-kursevi-njemackog-pon-srijed\/#primaryimage\",\"inLanguage\":\"bs-BA\",\"url\":\"https:\/\/ikivienna.at\/wp-content\/uploads\/2023\/01\/IKI_Kurse_BA_160120233_abend.jpg\",\"contentUrl\":\"https:\/\/ikivienna.at\/wp-content\/uploads\/2023\/01\/IKI_Kurse_BA_160120233_abend.jpg\",\"width\":1181,\"height\":1181},{\"@type\":\"WebPage\",\"@id\":\"https:\/\/ikivienna.at\/bs\/kurseve-njemackog-jezika\/vecernji-kursevi-njemackog-pon-srijed\/#webpage\",\"url\":\"https:\/\/ikivienna.at\/bs\/kurseve-njemackog-jezika\/vecernji-kursevi-njemackog-pon-srijed\/\",\"name\":\"Ve\\u010dernji kursevi njema\\u010dkog pon.\/srijed. - IKI kursevi njema\\u010dkog jezika u Be\\u010du - u\\u010denje njema\\u010dkog jezika u Be\\u010du\",\"isPartOf\":{\"@id\":\"https:\/\/ikivienna.at\/#website\"},\"primaryImageOfPage\":{\"@id\":\"https:\/\/ikivienna.at\/bs\/kurseve-njemackog-jezika\/vecernji-kursevi-njemackog-pon-srijed\/#primaryimage\"},\"datePublished\":\"2023-02-08T10:34:07+00:00\",\"dateModified\":\"2025-10-30T12:19:51+00:00\",\"breadcrumb\":{\"@id\":\"https:\/\/ikivienna.at\/bs\/kurseve-njemackog-jezika\/vecernji-kursevi-njemackog-pon-srijed\/#breadcrumb\"},\"inLanguage\":\"bs-BA\",\"potentialAction\":[{\"@type\":\"ReadAction\",\"target\":[\"https:\/\/ikivienna.at\/bs\/kurseve-njemackog-jezika\/vecernji-kursevi-njemackog-pon-srijed\/\"]}]},{\"@type\":\"BreadcrumbList\",\"@id\":\"https:\/\/ikivienna.at\/bs\/kurseve-njemackog-jezika\/vecernji-kursevi-njemackog-pon-srijed\/#breadcrumb\",\"itemListElement\":[{\"@type\":\"ListItem\",\"position\":1,\"name\":\"Home\",\"item\":\"https:\/\/ikivienna.at\/bs\/\"},{\"@type\":\"ListItem\",\"position\":2,\"name\":\"Courses\",\"item\":\"https:\/\/ikivienna.at\/en\/germancourses\/\"},{\"@type\":\"ListItem\",\"position\":3,\"name\":\"Ve\\u010dernji kursevi njema\\u010dkog pon.\/srijed.\"}]}]}<\/script>\n<!-- \/ Yoast SEO plugin. -->","yoast_head_json":{"title":"Ve\u010dernji kursevi njema\u010dkog pon.\/srijed. - IKI kursevi njema\u010dkog jezika u Be\u010du - u\u010denje njema\u010dkog jezika u Be\u010du","robots":{"index":"index","follow":"follow","max-snippet":"max-snippet:-1","max-image-preview":"max-image-preview:large","max-video-preview":"max-video-preview:-1"},"canonical":"https:\/\/ikivienna.at\/bs\/kurseve-njemackog-jezika\/vecernji-kursevi-njemackog-pon-srijed\/","og_locale":"bs_BA","og_type":"article","og_title":"Ve\u010dernji kursevi njema\u010dkog pon.\/srijed. - IKI kursevi njema\u010dkog jezika u Be\u010du - u\u010denje njema\u010dkog jezika u Be\u010du","og_description":"[vc_row full_width=&#8221;stretch_row&#8221; gap=&#8221;25&#8221; overflow=&#8221;default&#8221; css=&#8221;.vc_custom_1666943398964{padding-top: 45px !important;background-color: #efefef !important;}&#8221;][vc_column css_animation=&#8221;fadeIn&#8221; width=&#8221;1\/2&#8221; overflow=&#8221;default&#8221; css=&#8221;.vc_custom_1670340064957{margin-left: -7px !important;background-image: url(https:\/\/ikivienna.at\/wp-content\/uploads\/2022\/12\/PIC_abendacademy2.jpg?id=37093) !important;background-position: center !important;background-repeat: no-repeat !important;background-size: cover !important;}&#8221;][vc_empty_space height=&#8221;300px&#8221;][\/vc_column][vc_column width=&#8221;1\/2&#8221; overflow=&#8221;default&#8221; css=&#8221;.vc_custom_1670340349113{margin-top: -25px !important;}&#8221;] Ve\u010dernji kursevi njema\u010dkog [vc_column_text el_class=&#8221;h4-no-padding&#8221; css=&#8221;.vc_custom_1755786027934{margin-top: 15px !important;}&#8221;] Cijena kursa: \u20ac 279 \u2013 \u20ac 469 [\/vc_column_text][vc_column_text...","og_url":"https:\/\/ikivienna.at\/bs\/kurseve-njemackog-jezika\/vecernji-kursevi-njemackog-pon-srijed\/","og_site_name":"IKI kursevi njema\u010dkog jezika u Be\u010du - u\u010denje njema\u010dkog jezika u Be\u010du","article_publisher":"https:\/\/www.facebook.com\/internationaleskulturinstitut","article_modified_time":"2025-10-30T12:19:51+00:00","og_image":[{"width":1181,"height":1181,"url":"https:\/\/ikivienna.at\/wp-content\/uploads\/2023\/01\/IKI_Kurse_BA_160120233_abend.jpg","path":"\/home\/jaypnqsqj744\/webseiten\/www.ikivienna.at\/wp-content\/uploads\/2023\/01\/IKI_Kurse_BA_160120233_abend.jpg","size":"full","id":40452,"alt":"","pixels":1394761,"type":"image\/jpeg"}],"twitter_card":"summary_large_image","twitter_misc":{"Est. reading time":"1 minuta"},"schema":{"@context":"https:\/\/schema.org","@graph":[{"@type":"WebSite","@id":"https:\/\/ikivienna.at\/#website","url":"https:\/\/ikivienna.at\/","name":"IKI kursevi njema\u010dkog jezika u Be\u010du - u\u010denje njema\u010dkog jezika u Be\u010du","description":"IKI Internationales Kulturinstitut - \u0161kola jezika","potentialAction":[{"@type":"SearchAction","target":{"@type":"EntryPoint","urlTemplate":"https:\/\/ikivienna.at\/?s={search_term_string}"},"query-input":"required name=search_term_string"}],"inLanguage":"bs-BA"},{"@type":"ImageObject","@id":"https:\/\/ikivienna.at\/bs\/kurseve-njemackog-jezika\/vecernji-kursevi-njemackog-pon-srijed\/#primaryimage","inLanguage":"bs-BA","url":"https:\/\/ikivienna.at\/wp-content\/uploads\/2023\/01\/IKI_Kurse_BA_160120233_abend.jpg","contentUrl":"https:\/\/ikivienna.at\/wp-content\/uploads\/2023\/01\/IKI_Kurse_BA_160120233_abend.jpg","width":1181,"height":1181},{"@type":"WebPage","@id":"https:\/\/ikivienna.at\/bs\/kurseve-njemackog-jezika\/vecernji-kursevi-njemackog-pon-srijed\/#webpage","url":"https:\/\/ikivienna.at\/bs\/kurseve-njemackog-jezika\/vecernji-kursevi-njemackog-pon-srijed\/","name":"Ve\u010dernji kursevi njema\u010dkog pon.\/srijed. - IKI kursevi njema\u010dkog jezika u Be\u010du - u\u010denje njema\u010dkog jezika u Be\u010du","isPartOf":{"@id":"https:\/\/ikivienna.at\/#website"},"primaryImageOfPage":{"@id":"https:\/\/ikivienna.at\/bs\/kurseve-njemackog-jezika\/vecernji-kursevi-njemackog-pon-srijed\/#primaryimage"},"datePublished":"2023-02-08T10:34:07+00:00","dateModified":"2025-10-30T12:19:51+00:00","breadcrumb":{"@id":"https:\/\/ikivienna.at\/bs\/kurseve-njemackog-jezika\/vecernji-kursevi-njemackog-pon-srijed\/#breadcrumb"},"inLanguage":"bs-BA","potentialAction":[{"@type":"ReadAction","target":["https:\/\/ikivienna.at\/bs\/kurseve-njemackog-jezika\/vecernji-kursevi-njemackog-pon-srijed\/"]}]},{"@type":"BreadcrumbList","@id":"https:\/\/ikivienna.at\/bs\/kurseve-njemackog-jezika\/vecernji-kursevi-njemackog-pon-srijed\/#breadcrumb","itemListElement":[{"@type":"ListItem","position":1,"name":"Home","item":"https:\/\/ikivienna.at\/bs\/"},{"@type":"ListItem","position":2,"name":"Courses","item":"https:\/\/ikivienna.at\/en\/germancourses\/"},{"@type":"ListItem","position":3,"name":"Ve\u010dernji kursevi njema\u010dkog pon.\/srijed."}]}]}},"_links":{"self":[{"href":"https:\/\/ikivienna.at\/bs\/wp-json\/wp\/v2\/course\/42303"}],"collection":[{"href":"https:\/\/ikivienna.at\/bs\/wp-json\/wp\/v2\/course"}],"about":[{"href":"https:\/\/ikivienna.at\/bs\/wp-json\/wp\/v2\/types\/course"}],"wp:featuredmedia":[{"embeddable":true,"href":"https:\/\/ikivienna.at\/bs\/wp-json\/wp\/v2\/media\/40452"}],"wp:attachment":[{"href":"https:\/\/ikivienna.at\/bs\/wp-json\/wp\/v2\/media?parent=42303"}],"curies":[{"name":"wp","href":"https:\/\/api.w.org\/{rel}","templated":true}]}}