{"id":42301,"date":"2023-02-08T11:23:43","date_gmt":"2023-02-08T10:23:43","guid":{"rendered":"https:\/\/ikivienna.at\/deutsch-kurse\/curso-de-aleman-nocturnos\/"},"modified":"2025-10-30T13:24:14","modified_gmt":"2025-10-30T12:24:14","slug":"cursos-vespertinos-de-aleman-lun-mie","status":"publish","type":"course","link":"https:\/\/ikivienna.at\/es\/cours-allemand\/cursos-vespertinos-de-aleman-lun-mie\/","title":{"rendered":"Cursos vespertinos de alem\u00e1n lun.\/mi\u00e9."},"content":{"rendered":"<p>[vc_row full_width=\u00bbstretch_row\u00bb gap=\u00bb25&#8243; overflow=\u00bbdefault\u00bb css=\u00bb.vc_custom_1666943398964{padding-top: 45px !important;background-color: #efefef !important;}\u00bb][vc_column css_animation=\u00bbfadeIn\u00bb width=\u00bb1\/2&#8243; overflow=\u00bbdefault\u00bb css=\u00bb.vc_custom_1670340064957{margin-left: -7px !important;background-image: url(https:\/\/ikivienna.at\/wp-content\/uploads\/2022\/12\/PIC_abendacademy2.jpg?id=37093) !important;background-position: center !important;background-repeat: no-repeat !important;background-size: cover !important;}\u00bb][vc_empty_space height=\u00bb300px\u00bb][\/vc_column][vc_column width=\u00bb1\/2&#8243; overflow=\u00bbdefault\u00bb css=\u00bb.vc_custom_1670340349113{margin-top: -25px !important;}\u00bb]\r\n<div class=\"sh-heading  \" id=\"heading-6vVXlmTjzC\">\r\n\t<div class=\"sh-element-margin\">\r\n\r\n\t\t\r\n\t\t\t<h1 class=\"sh-heading-content size-default text-left\">\r\n\t\t\t\tCurso de alem\u00e1n nocturnos\t\t\t<\/h1>\r\n\r\n\t\t\r\n\t<\/div>\r\n<\/div>\r\n            <style type=\"text\/css\">\r\n                #heading-6vVXlmTjzC .sh-element-margin {margin: -25x 0px 20px 0px;}#heading-6vVXlmTjzC .sh-heading-content {font-weight: 700!important;color: #000000;}#heading-6vVXlmTjzC .sh-heading-content,#heading-6vVXlmTjzC .sh-heading-additional-text {}            <\/style>\r\n        [vc_column_text el_class=\u00bbh4-no-padding\u00bb css=\u00bb.vc_custom_1755785313904{margin-top: 15px !important;}\u00bb]<\/p>\n<h4 class=\"p2\"><strong>Precio del curso: \u20ac 279 \u2013 \u20ac 469<\/strong><\/h4>\n<p>[\/vc_column_text][vc_column_text css=\u00bb.vc_custom_1755785308105{margin-top: -15px !important;}\u00bb]<\/p>\n<ul>\n<li><strong>Horario del curso:<\/strong> lunes y mi\u00e9rcoles o martes y jueves, de 18:00 a 20:00<\/li>\n<li><strong>Unidades de ense\u00f1anza:<\/strong> 54 unidades de 45 minutos cada una<\/li>\n<li><strong>Niveles del curso:<\/strong> A1, A2, B1, B2, C1, C2, seg\u00fan el Marco Com\u00fan Europeo de Referencia para las Lenguas (MCER)<\/li>\n<li><strong>Material del curso:<\/strong> tarifa plana de \u20ac 25,- para libros, copias, certificados y constancias<\/li>\n<\/ul>\n<p>[\/vc_column_text][\/vc_column][\/vc_row][vc_row overflow=\u00bbdefault\u00bb][vc_column]\r\n<div class=\"sh-heading  \" id=\"heading-VEythAZ7UN\">\r\n\t<div class=\"sh-element-margin\">\r\n\r\n\t\t\r\n\t\t\t<h4 class=\"sh-heading-content size-default text-left\">\r\n\t\t\t\tCursos de alem\u00e1n nocturnos \u2013 \u00a1aprende alem\u00e1n mientras trabajas!\t\t\t<\/h4>\r\n\r\n\t\t\r\n\t<\/div>\r\n<\/div>\r\n            <style type=\"text\/css\">\r\n                #heading-VEythAZ7UN .sh-element-margin {margin: -25px 0px 15px 0px;}#heading-VEythAZ7UN .sh-heading-content {font-weight: 700!important;}#heading-VEythAZ7UN .sh-heading-content,#heading-VEythAZ7UN .sh-heading-additional-text {}            <\/style>\r\n        [vc_column_text]<strong>Certificado<\/strong>: Al finalizar el curso con \u00e9xito, recibir\u00e1s un certificado de IKI que acredita tu progreso en el aprendizaje. Cada bloque de curso cubre un nivel completo de idioma.<\/p>\n<p><strong>Cursos nocturnos en verano<\/strong>: En verano puedes asistir a dos cursos de 5 semanas, ya que en agosto no se imparten cursos nocturnos.<\/p>\n<p><strong>D\u00edas festivos<\/strong>: En los d\u00edas festivos no hay clases. Las horas perdidas se recuperar\u00e1n.<br \/>\n[\/vc_column_text][\/vc_column][\/vc_row][vc_row overflow=\u00bbdefault\u00bb css=\u00bb.vc_custom_1755785302159{margin-bottom: 10px !important;}\u00bb][vc_column]\r\n<div id=\"button-bpn8f1sDNk\" class=\"sh-button-container  sh-button-style-2\">\r\n\t<div class=\"sh-element-margin\">\r\n\t\t<a href=\"https:\/\/ikivienna.at\/es\/kontakt-anmeldung\/\" target=\"_self\" class=\"sh-button sh-button-medium sh-button-icon-left\">\r\n\r\n\t\t\t\t\t\t\t<span class=\"sh-button-icon\">\r\n\t\t\t\t\t<i class=\"icon-graduation\"><\/i>\r\n\t\t\t\t<\/span>\r\n\t\t\t\r\n\t\t\t\t\t\t\t<span class=\"sh-button-text\">\r\n\t\t\t\t\tInscr\u00edbete aqu\u00ed\t\t\t\t<\/span>\r\n\t\t\t\r\n\t\t\t\r\n\t\t<\/a>\r\n\t\t\t<\/div>\r\n<\/div>\r\n            <style type=\"text\/css\">\r\n                #button-bpn8f1sDNk .sh-button {border-radius: 5px;background-color: #3f3f3f;color: #ffffff;}#button-bpn8f1sDNk {}#button-bpn8f1sDNk:not(.sh-button-style-2) .sh-button:hover {}#button-bpn8f1sDNk.sh-button-style-2 .sh-button:after {}#button-bpn8f1sDNk.sh-button-style-2 .sh-button:hover {}@media (max-width: 800px) {#button-bpn8f1sDNk {text-align: center;}}            <\/style>\r\n        [\/vc_column][\/vc_row]<\/p>\n","protected":false},"featured_media":39381,"parent":0,"template":"","acf":[],"yoast_head":"<!-- This site is optimized with the Yoast SEO plugin v17.0 - https:\/\/yoast.com\/wordpress\/plugins\/seo\/ -->\n<title>Cursos vespertinos de alem\u00e1n lun.\/mi\u00e9. - Cursos de alem\u00e1n IKI - aprender alem\u00e1n en Viena<\/title>\n<meta name=\"robots\" content=\"index, follow, max-snippet:-1, max-image-preview:large, max-video-preview:-1\" \/>\n<link rel=\"canonical\" href=\"https:\/\/ikivienna.at\/es\/cours-allemand\/cursos-vespertinos-de-aleman-lun-mie\/\" \/>\n<meta property=\"og:locale\" content=\"es_ES\" \/>\n<meta property=\"og:type\" content=\"article\" \/>\n<meta property=\"og:title\" content=\"Cursos vespertinos de alem\u00e1n lun.\/mi\u00e9. - Cursos de alem\u00e1n IKI - aprender alem\u00e1n en Viena\" \/>\n<meta property=\"og:description\" content=\"[vc_row full_width=\u00bbstretch_row\u00bb gap=\u00bb25&#8243; overflow=\u00bbdefault\u00bb css=\u00bb.vc_custom_1666943398964{padding-top: 45px !important;background-color: #efefef !important;}\u00bb][vc_column css_animation=\u00bbfadeIn\u00bb width=\u00bb1\/2&#8243; overflow=\u00bbdefault\u00bb css=\u00bb.vc_custom_1670340064957{margin-left: -7px !important;background-image: url(https:\/\/ikivienna.at\/wp-content\/uploads\/2022\/12\/PIC_abendacademy2.jpg?id=37093) !important;background-position: center !important;background-repeat: no-repeat !important;background-size: cover !important;}\u00bb][vc_empty_space height=\u00bb300px\u00bb][\/vc_column][vc_column width=\u00bb1\/2&#8243; overflow=\u00bbdefault\u00bb css=\u00bb.vc_custom_1670340349113{margin-top: -25px !important;}\u00bb] Curso de alem\u00e1n nocturnos [vc_column_text el_class=\u00bbh4-no-padding\u00bb css=\u00bb.vc_custom_1755785313904{margin-top: 15px !important;}\u00bb] Precio del curso: \u20ac 279 \u2013 \u20ac...\" \/>\n<meta property=\"og:url\" content=\"https:\/\/ikivienna.at\/es\/cours-allemand\/cursos-vespertinos-de-aleman-lun-mie\/\" \/>\n<meta property=\"og:site_name\" content=\"Cursos de alem\u00e1n IKI - aprender alem\u00e1n en Viena\" \/>\n<meta property=\"article:publisher\" content=\"https:\/\/www.facebook.com\/internationaleskulturinstitut\" \/>\n<meta property=\"article:modified_time\" content=\"2025-10-30T12:24:14+00:00\" \/>\n<meta property=\"og:image\" content=\"https:\/\/ikivienna.at\/wp-content\/uploads\/2023\/01\/IKI_Kurse_ES_120120233_abend.jpg\" \/>\n\t<meta property=\"og:image:width\" content=\"1181\" \/>\n\t<meta property=\"og:image:height\" content=\"1181\" \/>\n<meta name=\"twitter:card\" content=\"summary_large_image\" \/>\n<meta name=\"twitter:label1\" content=\"Tiempo de lectura\" \/>\n\t<meta name=\"twitter:data1\" content=\"1 minuto\" \/>\n<script type=\"application\/ld+json\" class=\"yoast-schema-graph\">{\"@context\":\"https:\/\/schema.org\",\"@graph\":[{\"@type\":\"WebSite\",\"@id\":\"https:\/\/ikivienna.at\/#website\",\"url\":\"https:\/\/ikivienna.at\/\",\"name\":\"Cursos de alem\\u00e1n IKI - aprender alem\\u00e1n en Viena\",\"description\":\"IKI Internationales Kulturinstitut - escuela de idiomas\",\"potentialAction\":[{\"@type\":\"SearchAction\",\"target\":{\"@type\":\"EntryPoint\",\"urlTemplate\":\"https:\/\/ikivienna.at\/?s={search_term_string}\"},\"query-input\":\"required name=search_term_string\"}],\"inLanguage\":\"es\"},{\"@type\":\"ImageObject\",\"@id\":\"https:\/\/ikivienna.at\/es\/cours-allemand\/cursos-vespertinos-de-aleman-lun-mie\/#primaryimage\",\"inLanguage\":\"es\",\"url\":\"https:\/\/ikivienna.at\/wp-content\/uploads\/2023\/01\/IKI_Kurse_ES_120120233_abend.jpg\",\"contentUrl\":\"https:\/\/ikivienna.at\/wp-content\/uploads\/2023\/01\/IKI_Kurse_ES_120120233_abend.jpg\",\"width\":1181,\"height\":1181},{\"@type\":\"WebPage\",\"@id\":\"https:\/\/ikivienna.at\/es\/cours-allemand\/cursos-vespertinos-de-aleman-lun-mie\/#webpage\",\"url\":\"https:\/\/ikivienna.at\/es\/cours-allemand\/cursos-vespertinos-de-aleman-lun-mie\/\",\"name\":\"Cursos vespertinos de alem\\u00e1n lun.\/mi\\u00e9. - Cursos de alem\\u00e1n IKI - aprender alem\\u00e1n en Viena\",\"isPartOf\":{\"@id\":\"https:\/\/ikivienna.at\/#website\"},\"primaryImageOfPage\":{\"@id\":\"https:\/\/ikivienna.at\/es\/cours-allemand\/cursos-vespertinos-de-aleman-lun-mie\/#primaryimage\"},\"datePublished\":\"2023-02-08T10:23:43+00:00\",\"dateModified\":\"2025-10-30T12:24:14+00:00\",\"breadcrumb\":{\"@id\":\"https:\/\/ikivienna.at\/es\/cours-allemand\/cursos-vespertinos-de-aleman-lun-mie\/#breadcrumb\"},\"inLanguage\":\"es\",\"potentialAction\":[{\"@type\":\"ReadAction\",\"target\":[\"https:\/\/ikivienna.at\/es\/cours-allemand\/cursos-vespertinos-de-aleman-lun-mie\/\"]}]},{\"@type\":\"BreadcrumbList\",\"@id\":\"https:\/\/ikivienna.at\/es\/cours-allemand\/cursos-vespertinos-de-aleman-lun-mie\/#breadcrumb\",\"itemListElement\":[{\"@type\":\"ListItem\",\"position\":1,\"name\":\"Portada\",\"item\":\"https:\/\/ikivienna.at\/es\/\"},{\"@type\":\"ListItem\",\"position\":2,\"name\":\"Courses\",\"item\":\"https:\/\/ikivienna.at\/en\/germancourses\/\"},{\"@type\":\"ListItem\",\"position\":3,\"name\":\"Cursos vespertinos de alem\\u00e1n lun.\/mi\\u00e9.\"}]}]}<\/script>\n<!-- \/ Yoast SEO plugin. -->","yoast_head_json":{"title":"Cursos vespertinos de alem\u00e1n lun.\/mi\u00e9. - Cursos de alem\u00e1n IKI - aprender alem\u00e1n en Viena","robots":{"index":"index","follow":"follow","max-snippet":"max-snippet:-1","max-image-preview":"max-image-preview:large","max-video-preview":"max-video-preview:-1"},"canonical":"https:\/\/ikivienna.at\/es\/cours-allemand\/cursos-vespertinos-de-aleman-lun-mie\/","og_locale":"es_ES","og_type":"article","og_title":"Cursos vespertinos de alem\u00e1n lun.\/mi\u00e9. - Cursos de alem\u00e1n IKI - aprender alem\u00e1n en Viena","og_description":"[vc_row full_width=\u00bbstretch_row\u00bb gap=\u00bb25&#8243; overflow=\u00bbdefault\u00bb css=\u00bb.vc_custom_1666943398964{padding-top: 45px !important;background-color: #efefef !important;}\u00bb][vc_column css_animation=\u00bbfadeIn\u00bb width=\u00bb1\/2&#8243; overflow=\u00bbdefault\u00bb css=\u00bb.vc_custom_1670340064957{margin-left: -7px !important;background-image: url(https:\/\/ikivienna.at\/wp-content\/uploads\/2022\/12\/PIC_abendacademy2.jpg?id=37093) !important;background-position: center !important;background-repeat: no-repeat !important;background-size: cover !important;}\u00bb][vc_empty_space height=\u00bb300px\u00bb][\/vc_column][vc_column width=\u00bb1\/2&#8243; overflow=\u00bbdefault\u00bb css=\u00bb.vc_custom_1670340349113{margin-top: -25px !important;}\u00bb] Curso de alem\u00e1n nocturnos [vc_column_text el_class=\u00bbh4-no-padding\u00bb css=\u00bb.vc_custom_1755785313904{margin-top: 15px !important;}\u00bb] Precio del curso: \u20ac 279 \u2013 \u20ac...","og_url":"https:\/\/ikivienna.at\/es\/cours-allemand\/cursos-vespertinos-de-aleman-lun-mie\/","og_site_name":"Cursos de alem\u00e1n IKI - aprender alem\u00e1n en Viena","article_publisher":"https:\/\/www.facebook.com\/internationaleskulturinstitut","article_modified_time":"2025-10-30T12:24:14+00:00","og_image":[{"width":1181,"height":1181,"url":"https:\/\/ikivienna.at\/wp-content\/uploads\/2023\/01\/IKI_Kurse_ES_120120233_abend.jpg","path":"\/home\/jaypnqsqj744\/webseiten\/www.ikivienna.at\/wp-content\/uploads\/2023\/01\/IKI_Kurse_ES_120120233_abend.jpg","size":"full","id":39381,"alt":"","pixels":1394761,"type":"image\/jpeg"}],"twitter_card":"summary_large_image","twitter_misc":{"Tiempo de lectura":"1 minuto"},"schema":{"@context":"https:\/\/schema.org","@graph":[{"@type":"WebSite","@id":"https:\/\/ikivienna.at\/#website","url":"https:\/\/ikivienna.at\/","name":"Cursos de alem\u00e1n IKI - aprender alem\u00e1n en Viena","description":"IKI Internationales Kulturinstitut - escuela de idiomas","potentialAction":[{"@type":"SearchAction","target":{"@type":"EntryPoint","urlTemplate":"https:\/\/ikivienna.at\/?s={search_term_string}"},"query-input":"required name=search_term_string"}],"inLanguage":"es"},{"@type":"ImageObject","@id":"https:\/\/ikivienna.at\/es\/cours-allemand\/cursos-vespertinos-de-aleman-lun-mie\/#primaryimage","inLanguage":"es","url":"https:\/\/ikivienna.at\/wp-content\/uploads\/2023\/01\/IKI_Kurse_ES_120120233_abend.jpg","contentUrl":"https:\/\/ikivienna.at\/wp-content\/uploads\/2023\/01\/IKI_Kurse_ES_120120233_abend.jpg","width":1181,"height":1181},{"@type":"WebPage","@id":"https:\/\/ikivienna.at\/es\/cours-allemand\/cursos-vespertinos-de-aleman-lun-mie\/#webpage","url":"https:\/\/ikivienna.at\/es\/cours-allemand\/cursos-vespertinos-de-aleman-lun-mie\/","name":"Cursos vespertinos de alem\u00e1n lun.\/mi\u00e9. - Cursos de alem\u00e1n IKI - aprender alem\u00e1n en Viena","isPartOf":{"@id":"https:\/\/ikivienna.at\/#website"},"primaryImageOfPage":{"@id":"https:\/\/ikivienna.at\/es\/cours-allemand\/cursos-vespertinos-de-aleman-lun-mie\/#primaryimage"},"datePublished":"2023-02-08T10:23:43+00:00","dateModified":"2025-10-30T12:24:14+00:00","breadcrumb":{"@id":"https:\/\/ikivienna.at\/es\/cours-allemand\/cursos-vespertinos-de-aleman-lun-mie\/#breadcrumb"},"inLanguage":"es","potentialAction":[{"@type":"ReadAction","target":["https:\/\/ikivienna.at\/es\/cours-allemand\/cursos-vespertinos-de-aleman-lun-mie\/"]}]},{"@type":"BreadcrumbList","@id":"https:\/\/ikivienna.at\/es\/cours-allemand\/cursos-vespertinos-de-aleman-lun-mie\/#breadcrumb","itemListElement":[{"@type":"ListItem","position":1,"name":"Portada","item":"https:\/\/ikivienna.at\/es\/"},{"@type":"ListItem","position":2,"name":"Courses","item":"https:\/\/ikivienna.at\/en\/germancourses\/"},{"@type":"ListItem","position":3,"name":"Cursos vespertinos de alem\u00e1n lun.\/mi\u00e9."}]}]}},"_links":{"self":[{"href":"https:\/\/ikivienna.at\/es\/wp-json\/wp\/v2\/course\/42301"}],"collection":[{"href":"https:\/\/ikivienna.at\/es\/wp-json\/wp\/v2\/course"}],"about":[{"href":"https:\/\/ikivienna.at\/es\/wp-json\/wp\/v2\/types\/course"}],"wp:featuredmedia":[{"embeddable":true,"href":"https:\/\/ikivienna.at\/es\/wp-json\/wp\/v2\/media\/39381"}],"wp:attachment":[{"href":"https:\/\/ikivienna.at\/es\/wp-json\/wp\/v2\/media?parent=42301"}],"curies":[{"name":"wp","href":"https:\/\/api.w.org\/{rel}","templated":true}]}}