{"id":42484,"date":"2023-02-16T08:57:53","date_gmt":"2023-02-16T07:57:53","guid":{"rendered":"https:\/\/ikivienna.at\/deutsch-kurse\/happy-hours-allemand-apres-midi\/"},"modified":"2025-11-20T14:29:41","modified_gmt":"2025-11-20T13:29:41","slug":"happy-hours-allemand-apres-midi","status":"publish","type":"course","link":"https:\/\/ikivienna.at\/fr\/cours-allemands\/happy-hours-allemand-apres-midi\/","title":{"rendered":"Happy hours allemand apr\u00e8s-midi"},"content":{"rendered":"<p>[vc_row full_width=\u00a0\u00bbstretch_row\u00a0\u00bb gap=\u00a0\u00bb25&Prime; overflow=\u00a0\u00bbdefault\u00a0\u00bb css=\u00a0\u00bb.vc_custom_1666879335311{padding-top: 45px !important;background-color: #c4e9f9 !important;}\u00a0\u00bb][vc_column css_animation=\u00a0\u00bbfadeIn\u00a0\u00bb width=\u00a0\u00bb1\/2&Prime; overflow=\u00a0\u00bbdefault\u00a0\u00bb css=\u00a0\u00bb.vc_custom_1670342566218{margin-left: -7px !important;background-image: url(https:\/\/ikivienna.at\/wp-content\/uploads\/2022\/12\/PIC_happyhours2.jpg?id=37111) !important;background-position: center !important;background-repeat: no-repeat !important;background-size: cover !important;}\u00a0\u00bb][vc_empty_space height=\u00a0\u00bb300px\u00a0\u00bb][\/vc_column][vc_column width=\u00a0\u00bb1\/2&Prime; overflow=\u00a0\u00bbdefault\u00a0\u00bb css=\u00a0\u00bb.vc_custom_1670340455993{margin-top: -25px !important;}\u00a0\u00bb]\r\n<div class=\"sh-heading  \" id=\"heading-kWIjMmhp9R\">\r\n\t<div class=\"sh-element-margin\">\r\n\r\n\t\t\r\n\t\t\t<h1 class=\"sh-heading-content size-default text-left\">\r\n\t\t\t\tCours d'allemand l'apr\u00e8s-midi\t\t\t<\/h1>\r\n\r\n\t\t\r\n\t<\/div>\r\n<\/div>\r\n            <style type=\"text\/css\">\r\n                #heading-kWIjMmhp9R .sh-element-margin {margin: -25x 0px 20px 0px;}#heading-kWIjMmhp9R .sh-heading-content {font-weight: 700!important;color: #000000;}#heading-kWIjMmhp9R .sh-heading-content,#heading-kWIjMmhp9R .sh-heading-additional-text {}            <\/style>\r\n        [vc_column_text el_class=\u00a0\u00bbh4-no-padding\u00a0\u00bb css=\u00a0\u00bb.vc_custom_1754570226529{margin-top: 15px !important;}\u00a0\u00bb]<\/p>\n<h4 class=\"p1\"><strong>Frais de cours : \u20ac 399<\/strong><\/h4>\n<p>[\/vc_column_text][vc_column_text css=\u00a0\u00bb.vc_custom_1763645322052{margin-top: -15px !important;}\u00a0\u00bb]Nos cours d\u2019allemand l\u2019apr\u00e8s-midi \u00e0 prix r\u00e9duit sont organis\u00e9s en blocs de 4 semaines et t\u2019offrent\u00a0une exp\u00e9rience d\u2019apprentissage intensive.<\/p>\n<ul data-start=\"274\" data-end=\"672\">\n<li data-start=\"274\" data-end=\"341\">\n<p data-start=\"276\" data-end=\"341\"><strong data-start=\"276\" data-end=\"300\">Horaires des cours :<\/strong> du lundi au vendredi, de 14h00 \u00e0 17h00<\/p>\n<\/li>\n<li data-start=\"342\" data-end=\"415\">\n<p data-start=\"344\" data-end=\"415\"><strong data-start=\"344\" data-end=\"371\">Unit\u00e9s d\u2019enseignement :<\/strong> 80 unit\u00e9s de 45 minutes par bloc de cours<\/p>\n<\/li>\n<li data-start=\"416\" data-end=\"535\">\n<p data-start=\"418\" data-end=\"535\"><strong data-start=\"418\" data-end=\"440\">Niveaux de cours :<\/strong> A1, A2, B1, B2, C1, C2 \u2013 selon le Cadre europ\u00e9en commun de r\u00e9f\u00e9rence pour les langues (CECR)<\/p>\n<\/li>\n<li data-start=\"536\" data-end=\"672\">\n<p data-start=\"538\" data-end=\"672\"><strong data-start=\"538\" data-end=\"564\">Mat\u00e9riel p\u00e9dagogique :<\/strong> forfait de \u20ac 25,- pour les livres, les photocopies, les attestations et les certificats<\/p>\n<\/li>\n<\/ul>\n<p>[\/vc_column_text][\/vc_column][\/vc_row][vc_row overflow=\u00a0\u00bbdefault\u00a0\u00bb][vc_column]\r\n<div class=\"sh-heading  \" id=\"heading-BbKm8zVik5\">\r\n\t<div class=\"sh-element-margin\">\r\n\r\n\t\t\r\n\t\t\t<h4 class=\"sh-heading-content size-default text-left\">\r\n\t\t\t\tCours d\u2019allemand l\u2019apr\u00e8s-midi \u2013 apprends l\u2019allemand rapidement et \u00e0 petit prix !\t\t\t<\/h4>\r\n\r\n\t\t\r\n\t<\/div>\r\n<\/div>\r\n            <style type=\"text\/css\">\r\n                #heading-BbKm8zVik5 .sh-element-margin {margin: -25px 0px 15px 0px;}#heading-BbKm8zVik5 .sh-heading-content {font-weight: 700!important;}#heading-BbKm8zVik5 .sh-heading-content,#heading-BbKm8zVik5 .sh-heading-additional-text {}            <\/style>\r\n        [vc_column_text]<\/p>\n<p data-start=\"761\" data-end=\"970\"><strong data-start=\"761\" data-end=\"777\">Certificat \u2013 <\/strong>Apr\u00e8s avoir r\u00e9ussi l\u2019examen final, tu recevras\u00a0un certificat IKI confirmant les progr\u00e8s que tu as r\u00e9alis\u00e9s. Le cours te pr\u00e9pare \u00e9galement\u00a0\u00e0 l\u2019examen d\u2019int\u00e9gration \u00d6IF ainsi qu\u2019\u00e0 l\u2019examen \u00d6SD.<\/p>\n<p data-start=\"972\" data-end=\"1067\"><strong data-start=\"972\" data-end=\"990\">Jours f\u00e9ri\u00e9s \u2013<\/strong> Il n\u2019y a pas cours les jours f\u00e9ri\u00e9s; les heures manqu\u00e9es seront rattrap\u00e9es.<\/p>\n<p>[\/vc_column_text]\r\n<div id=\"button-aEANUucYZQ\" class=\"sh-button-container  sh-button-style-2\">\r\n\t<div class=\"sh-element-margin\">\r\n\t\t<a href=\"https:\/\/ikivienna.at\/fr\/kontakt-anmeldung\/\" target=\"_self\" class=\"sh-button sh-button-medium sh-button-icon-left\">\r\n\r\n\t\t\t\t\t\t\t<span class=\"sh-button-icon\">\r\n\t\t\t\t\t<i class=\"icon-graduation\"><\/i>\r\n\t\t\t\t<\/span>\r\n\t\t\t\r\n\t\t\t\t\t\t\t<span class=\"sh-button-text\">\r\n\t\t\t\t\tInscris-toi ici\t\t\t\t<\/span>\r\n\t\t\t\r\n\t\t\t\r\n\t\t<\/a>\r\n\t\t\t<\/div>\r\n<\/div>\r\n            <style type=\"text\/css\">\r\n                #button-aEANUucYZQ .sh-button {border-radius: 5px;background-color: #3f3f3f;color: #ffffff;}#button-aEANUucYZQ {}#button-aEANUucYZQ:not(.sh-button-style-2) .sh-button:hover {}#button-aEANUucYZQ.sh-button-style-2 .sh-button:after {}#button-aEANUucYZQ.sh-button-style-2 .sh-button:hover {}@media (max-width: 800px) {#button-aEANUucYZQ {text-align: center;}}            <\/style>\r\n        \r\n            \r\n            <div class=\"sh-empty-space vc_empty_space sh-empty-space-2YXfs9cNQH  \" style=\"height: 10px\">\r\n                <span class=\"vc_empty_space_inner\"><\/span>\r\n            <\/div>\r\n\r\n        [\/vc_column][\/vc_row]<\/p>\n","protected":false},"featured_media":39083,"parent":0,"template":"","acf":[],"yoast_head":"<!-- This site is optimized with the Yoast SEO plugin v17.0 - https:\/\/yoast.com\/wordpress\/plugins\/seo\/ -->\n<title>Happy hours allemand apr\u00e8s-midi - Cours d&#039;allemand IKI - apprendre l&#039;allemand \u00e0 Vienne<\/title>\n<meta name=\"robots\" content=\"index, follow, max-snippet:-1, max-image-preview:large, max-video-preview:-1\" \/>\n<link rel=\"canonical\" href=\"https:\/\/ikivienna.at\/fr\/cours-allemands\/happy-hours-allemand-apres-midi\/\" \/>\n<meta property=\"og:locale\" content=\"fr_FR\" \/>\n<meta property=\"og:type\" content=\"article\" \/>\n<meta property=\"og:title\" content=\"Happy hours allemand apr\u00e8s-midi - Cours d&#039;allemand IKI - apprendre l&#039;allemand \u00e0 Vienne\" \/>\n<meta property=\"og:description\" content=\"[vc_row full_width=\u00a0\u00bbstretch_row\u00a0\u00bb gap=\u00a0\u00bb25&Prime; overflow=\u00a0\u00bbdefault\u00a0\u00bb css=\u00a0\u00bb.vc_custom_1666879335311{padding-top: 45px !important;background-color: #c4e9f9 !important;}\u00a0\u00bb][vc_column css_animation=\u00a0\u00bbfadeIn\u00a0\u00bb width=\u00a0\u00bb1\/2&Prime; overflow=\u00a0\u00bbdefault\u00a0\u00bb css=\u00a0\u00bb.vc_custom_1670342566218{margin-left: -7px !important;background-image: url(https:\/\/ikivienna.at\/wp-content\/uploads\/2022\/12\/PIC_happyhours2.jpg?id=37111) !important;background-position: center !important;background-repeat: no-repeat !important;background-size: cover !important;}\u00a0\u00bb][vc_empty_space height=\u00a0\u00bb300px\u00a0\u00bb][\/vc_column][vc_column width=\u00a0\u00bb1\/2&Prime; overflow=\u00a0\u00bbdefault\u00a0\u00bb css=\u00a0\u00bb.vc_custom_1670340455993{margin-top: -25px !important;}\u00a0\u00bb] Cours d&#039;allemand l&#039;apr\u00e8s-midi [vc_column_text el_class=\u00a0\u00bbh4-no-padding\u00a0\u00bb css=\u00a0\u00bb.vc_custom_1754570226529{margin-top: 15px !important;}\u00a0\u00bb] Frais de cours : \u20ac 399 [\/vc_column_text][vc_column_text css=\u00a0\u00bb.vc_custom_1763645322052{margin-top:...\" \/>\n<meta property=\"og:url\" content=\"https:\/\/ikivienna.at\/fr\/cours-allemands\/happy-hours-allemand-apres-midi\/\" \/>\n<meta property=\"og:site_name\" content=\"Cours d&#039;allemand IKI - apprendre l&#039;allemand \u00e0 Vienne\" \/>\n<meta property=\"article:publisher\" content=\"https:\/\/www.facebook.com\/internationaleskulturinstitut\" \/>\n<meta property=\"article:modified_time\" content=\"2025-11-20T13:29:41+00:00\" \/>\n<meta property=\"og:image\" content=\"https:\/\/ikivienna.at\/wp-content\/uploads\/2023\/01\/IKI_Kurse_FR_110120232_happy.jpg\" \/>\n\t<meta property=\"og:image:width\" content=\"1181\" \/>\n\t<meta property=\"og:image:height\" content=\"1181\" \/>\n<meta name=\"twitter:card\" content=\"summary_large_image\" \/>\n<meta name=\"twitter:label1\" content=\"Dur\u00e9e de lecture est.\" \/>\n\t<meta name=\"twitter:data1\" content=\"1 minute\" \/>\n<script type=\"application\/ld+json\" class=\"yoast-schema-graph\">{\"@context\":\"https:\/\/schema.org\",\"@graph\":[{\"@type\":\"WebSite\",\"@id\":\"https:\/\/ikivienna.at\/#website\",\"url\":\"https:\/\/ikivienna.at\/\",\"name\":\"Cours d&#039;allemand IKI - apprendre l&#039;allemand \\u00e0 Vienne\",\"description\":\"IKI Internationales Kulturinstitut - \\u00c9cole de langues\",\"potentialAction\":[{\"@type\":\"SearchAction\",\"target\":{\"@type\":\"EntryPoint\",\"urlTemplate\":\"https:\/\/ikivienna.at\/?s={search_term_string}\"},\"query-input\":\"required name=search_term_string\"}],\"inLanguage\":\"fr-FR\"},{\"@type\":\"ImageObject\",\"@id\":\"https:\/\/ikivienna.at\/fr\/cours-allemands\/happy-hours-allemand-apres-midi\/#primaryimage\",\"inLanguage\":\"fr-FR\",\"url\":\"https:\/\/ikivienna.at\/wp-content\/uploads\/2023\/01\/IKI_Kurse_FR_110120232_happy.jpg\",\"contentUrl\":\"https:\/\/ikivienna.at\/wp-content\/uploads\/2023\/01\/IKI_Kurse_FR_110120232_happy.jpg\",\"width\":1181,\"height\":1181},{\"@type\":\"WebPage\",\"@id\":\"https:\/\/ikivienna.at\/fr\/cours-allemands\/happy-hours-allemand-apres-midi\/#webpage\",\"url\":\"https:\/\/ikivienna.at\/fr\/cours-allemands\/happy-hours-allemand-apres-midi\/\",\"name\":\"Happy hours allemand apr\\u00e8s-midi - Cours d&#039;allemand IKI - apprendre l&#039;allemand \\u00e0 Vienne\",\"isPartOf\":{\"@id\":\"https:\/\/ikivienna.at\/#website\"},\"primaryImageOfPage\":{\"@id\":\"https:\/\/ikivienna.at\/fr\/cours-allemands\/happy-hours-allemand-apres-midi\/#primaryimage\"},\"datePublished\":\"2023-02-16T07:57:53+00:00\",\"dateModified\":\"2025-11-20T13:29:41+00:00\",\"breadcrumb\":{\"@id\":\"https:\/\/ikivienna.at\/fr\/cours-allemands\/happy-hours-allemand-apres-midi\/#breadcrumb\"},\"inLanguage\":\"fr-FR\",\"potentialAction\":[{\"@type\":\"ReadAction\",\"target\":[\"https:\/\/ikivienna.at\/fr\/cours-allemands\/happy-hours-allemand-apres-midi\/\"]}]},{\"@type\":\"BreadcrumbList\",\"@id\":\"https:\/\/ikivienna.at\/fr\/cours-allemands\/happy-hours-allemand-apres-midi\/#breadcrumb\",\"itemListElement\":[{\"@type\":\"ListItem\",\"position\":1,\"name\":\"Accueil\",\"item\":\"https:\/\/ikivienna.at\/fr\/\"},{\"@type\":\"ListItem\",\"position\":2,\"name\":\"Courses\",\"item\":\"https:\/\/ikivienna.at\/en\/germancourses\/\"},{\"@type\":\"ListItem\",\"position\":3,\"name\":\"Happy hours allemand apr\\u00e8s-midi\"}]}]}<\/script>\n<!-- \/ Yoast SEO plugin. -->","yoast_head_json":{"title":"Happy hours allemand apr\u00e8s-midi - Cours d&#039;allemand IKI - apprendre l&#039;allemand \u00e0 Vienne","robots":{"index":"index","follow":"follow","max-snippet":"max-snippet:-1","max-image-preview":"max-image-preview:large","max-video-preview":"max-video-preview:-1"},"canonical":"https:\/\/ikivienna.at\/fr\/cours-allemands\/happy-hours-allemand-apres-midi\/","og_locale":"fr_FR","og_type":"article","og_title":"Happy hours allemand apr\u00e8s-midi - Cours d&#039;allemand IKI - apprendre l&#039;allemand \u00e0 Vienne","og_description":"[vc_row full_width=\u00a0\u00bbstretch_row\u00a0\u00bb gap=\u00a0\u00bb25&Prime; overflow=\u00a0\u00bbdefault\u00a0\u00bb css=\u00a0\u00bb.vc_custom_1666879335311{padding-top: 45px !important;background-color: #c4e9f9 !important;}\u00a0\u00bb][vc_column css_animation=\u00a0\u00bbfadeIn\u00a0\u00bb width=\u00a0\u00bb1\/2&Prime; overflow=\u00a0\u00bbdefault\u00a0\u00bb css=\u00a0\u00bb.vc_custom_1670342566218{margin-left: -7px !important;background-image: url(https:\/\/ikivienna.at\/wp-content\/uploads\/2022\/12\/PIC_happyhours2.jpg?id=37111) !important;background-position: center !important;background-repeat: no-repeat !important;background-size: cover !important;}\u00a0\u00bb][vc_empty_space height=\u00a0\u00bb300px\u00a0\u00bb][\/vc_column][vc_column width=\u00a0\u00bb1\/2&Prime; overflow=\u00a0\u00bbdefault\u00a0\u00bb css=\u00a0\u00bb.vc_custom_1670340455993{margin-top: -25px !important;}\u00a0\u00bb] Cours d'allemand l'apr\u00e8s-midi [vc_column_text el_class=\u00a0\u00bbh4-no-padding\u00a0\u00bb css=\u00a0\u00bb.vc_custom_1754570226529{margin-top: 15px !important;}\u00a0\u00bb] Frais de cours : \u20ac 399 [\/vc_column_text][vc_column_text css=\u00a0\u00bb.vc_custom_1763645322052{margin-top:...","og_url":"https:\/\/ikivienna.at\/fr\/cours-allemands\/happy-hours-allemand-apres-midi\/","og_site_name":"Cours d&#039;allemand IKI - apprendre l&#039;allemand \u00e0 Vienne","article_publisher":"https:\/\/www.facebook.com\/internationaleskulturinstitut","article_modified_time":"2025-11-20T13:29:41+00:00","og_image":[{"width":1181,"height":1181,"url":"https:\/\/ikivienna.at\/wp-content\/uploads\/2023\/01\/IKI_Kurse_FR_110120232_happy.jpg","path":"\/home\/jaypnqsqj744\/webseiten\/www.ikivienna.at\/wp-content\/uploads\/2023\/01\/IKI_Kurse_FR_110120232_happy.jpg","size":"full","id":39083,"alt":"","pixels":1394761,"type":"image\/jpeg"}],"twitter_card":"summary_large_image","twitter_misc":{"Dur\u00e9e de lecture est.":"1 minute"},"schema":{"@context":"https:\/\/schema.org","@graph":[{"@type":"WebSite","@id":"https:\/\/ikivienna.at\/#website","url":"https:\/\/ikivienna.at\/","name":"Cours d&#039;allemand IKI - apprendre l&#039;allemand \u00e0 Vienne","description":"IKI Internationales Kulturinstitut - \u00c9cole de langues","potentialAction":[{"@type":"SearchAction","target":{"@type":"EntryPoint","urlTemplate":"https:\/\/ikivienna.at\/?s={search_term_string}"},"query-input":"required name=search_term_string"}],"inLanguage":"fr-FR"},{"@type":"ImageObject","@id":"https:\/\/ikivienna.at\/fr\/cours-allemands\/happy-hours-allemand-apres-midi\/#primaryimage","inLanguage":"fr-FR","url":"https:\/\/ikivienna.at\/wp-content\/uploads\/2023\/01\/IKI_Kurse_FR_110120232_happy.jpg","contentUrl":"https:\/\/ikivienna.at\/wp-content\/uploads\/2023\/01\/IKI_Kurse_FR_110120232_happy.jpg","width":1181,"height":1181},{"@type":"WebPage","@id":"https:\/\/ikivienna.at\/fr\/cours-allemands\/happy-hours-allemand-apres-midi\/#webpage","url":"https:\/\/ikivienna.at\/fr\/cours-allemands\/happy-hours-allemand-apres-midi\/","name":"Happy hours allemand apr\u00e8s-midi - Cours d&#039;allemand IKI - apprendre l&#039;allemand \u00e0 Vienne","isPartOf":{"@id":"https:\/\/ikivienna.at\/#website"},"primaryImageOfPage":{"@id":"https:\/\/ikivienna.at\/fr\/cours-allemands\/happy-hours-allemand-apres-midi\/#primaryimage"},"datePublished":"2023-02-16T07:57:53+00:00","dateModified":"2025-11-20T13:29:41+00:00","breadcrumb":{"@id":"https:\/\/ikivienna.at\/fr\/cours-allemands\/happy-hours-allemand-apres-midi\/#breadcrumb"},"inLanguage":"fr-FR","potentialAction":[{"@type":"ReadAction","target":["https:\/\/ikivienna.at\/fr\/cours-allemands\/happy-hours-allemand-apres-midi\/"]}]},{"@type":"BreadcrumbList","@id":"https:\/\/ikivienna.at\/fr\/cours-allemands\/happy-hours-allemand-apres-midi\/#breadcrumb","itemListElement":[{"@type":"ListItem","position":1,"name":"Accueil","item":"https:\/\/ikivienna.at\/fr\/"},{"@type":"ListItem","position":2,"name":"Courses","item":"https:\/\/ikivienna.at\/en\/germancourses\/"},{"@type":"ListItem","position":3,"name":"Happy hours allemand apr\u00e8s-midi"}]}]}},"_links":{"self":[{"href":"https:\/\/ikivienna.at\/fr\/wp-json\/wp\/v2\/course\/42484"}],"collection":[{"href":"https:\/\/ikivienna.at\/fr\/wp-json\/wp\/v2\/course"}],"about":[{"href":"https:\/\/ikivienna.at\/fr\/wp-json\/wp\/v2\/types\/course"}],"wp:featuredmedia":[{"embeddable":true,"href":"https:\/\/ikivienna.at\/fr\/wp-json\/wp\/v2\/media\/39083"}],"wp:attachment":[{"href":"https:\/\/ikivienna.at\/fr\/wp-json\/wp\/v2\/media?parent=42484"}],"curies":[{"name":"wp","href":"https:\/\/api.w.org\/{rel}","templated":true}]}}