{"id":41682,"date":"2023-02-02T15:43:27","date_gmt":"2023-02-02T14:43:27","guid":{"rendered":"https:\/\/ikivienna.at\/deutsch-kurse\/cursuri-intensive-de-germana\/"},"modified":"2025-10-30T13:17:45","modified_gmt":"2025-10-30T12:17:45","slug":"cursuri-intensive-de-germana","status":"publish","type":"course","link":"https:\/\/ikivienna.at\/ro\/cursuri-de-germana\/cursuri-intensive-de-germana\/","title":{"rendered":"Cursuri intensive de german\u0103"},"content":{"rendered":"<p>[vc_row full_width=&#8221;stretch_row&#8221; gap=&#8221;25&#8243; overflow=&#8221;default&#8221; css=&#8221;.vc_custom_1666249025432{padding-top: 45px !important;background-color: #fae3e0 !important;}&#8221;][vc_column css_animation=&#8221;fadeIn&#8221; width=&#8221;1\/2&#8243; overflow=&#8221;default&#8221; css=&#8221;.vc_custom_1670337393580{margin-left: -7px !important;background-image: url(https:\/\/ikivienna.at\/wp-content\/uploads\/2022\/12\/PIC_intensivkurse2.jpg?id=37129) !important;background-position: center !important;background-repeat: no-repeat !important;background-size: cover !important;}&#8221;][vc_empty_space height=&#8221;300px&#8221;][\/vc_column][vc_column width=&#8221;1\/2&#8243; overflow=&#8221;default&#8221; css=&#8221;.vc_custom_1670340399879{margin-top: -25px !important;}&#8221;]\r\n<div class=\"sh-heading  \" id=\"heading-V4i7ts2g8C\">\r\n\t<div class=\"sh-element-margin\">\r\n\r\n\t\t\r\n\t\t\t<h1 class=\"sh-heading-content size-default text-left\">\r\n\t\t\t\tCursuri intensive de german\u0103\t\t\t<\/h1>\r\n\r\n\t\t\r\n\t<\/div>\r\n<\/div>\r\n            <style type=\"text\/css\">\r\n                #heading-V4i7ts2g8C .sh-element-margin {margin: -25x 0px 0px 0px;}#heading-V4i7ts2g8C .sh-heading-content {font-weight: 700!important;color: #000000;}#heading-V4i7ts2g8C .sh-heading-content,#heading-V4i7ts2g8C .sh-heading-additional-text {}            <\/style>\r\n        [vc_column_text css=&#8221;.vc_custom_1754566847471{margin-top: 5px !important;}&#8221;]<\/p>\n<h4><strong>Taxa cursului: \u20ac 499<\/strong><\/h4>\n<p>[\/vc_column_text][vc_column_text css=&#8221;.vc_custom_1754566687063{margin-top: -15px !important;}&#8221;]<\/p>\n<p data-start=\"161\" data-end=\"293\">Cursurile noastre intensive de limba german\u0103 sunt organizate \u00een module de 4 s\u0103pt\u0103m\u00e2ni \u0219i ofer\u0103 o experien\u021b\u0103 de \u00eenv\u0103\u021bare intens\u0103.<\/p>\n<ul data-start=\"295\" data-end=\"637\">\n<li data-start=\"295\" data-end=\"371\">\n<p data-start=\"297\" data-end=\"371\"><strong data-start=\"297\" data-end=\"322\">Programul cursurilor:<\/strong> de luni p\u00e2n\u0103 vineri, \u00eentre orele 9:00 \u0219i 12:00<\/p>\n<\/li>\n<li data-start=\"372\" data-end=\"421\">\n<p data-start=\"374\" data-end=\"421\"><strong data-start=\"374\" data-end=\"385\">Lec\u021bii:<\/strong> 80 de unit\u0103\u021bi a c\u00e2te 45 de minute<\/p>\n<\/li>\n<li data-start=\"422\" data-end=\"538\">\n<p data-start=\"424\" data-end=\"538\"><strong data-start=\"424\" data-end=\"445\">Niveluri de curs:<\/strong> A1, A2, B1, B2, C1, C2 \u2013 conform Cadrului european comun de referin\u021b\u0103 pentru limbi (CECRL)<\/p>\n<\/li>\n<li data-start=\"539\" data-end=\"637\">\n<p data-start=\"541\" data-end=\"637\"><strong data-start=\"541\" data-end=\"563\">Materiale de curs:<\/strong> \u20ac 25,- pentru c\u0103r\u021bi, copii, adeverin\u021be \u0219i certificate<\/p>\n<\/li>\n<\/ul>\n<p>[\/vc_column_text][\/vc_column][\/vc_row][vc_row overflow=&#8221;default&#8221;][vc_column]\r\n<div class=\"sh-heading  \" id=\"heading-87dZrDfOnl\">\r\n\t<div class=\"sh-element-margin\">\r\n\r\n\t\t\r\n\t\t\t<h4 class=\"sh-heading-content size-default text-left\">\r\n\t\t\t\tCursuri intensive de german\u0103 la IKI \u2013 ideale pentru to\u021bi cei care doresc s\u0103-\u0219i ating\u0103 rapid obiectivul!\t\t\t<\/h4>\r\n\r\n\t\t\r\n\t<\/div>\r\n<\/div>\r\n            <style type=\"text\/css\">\r\n                #heading-87dZrDfOnl .sh-element-margin {margin: -25px 0px 15px 0px;}#heading-87dZrDfOnl .sh-heading-content {font-weight: 700!important;}#heading-87dZrDfOnl .sh-heading-content,#heading-87dZrDfOnl .sh-heading-additional-text {}            <\/style>\r\n        [vc_column_text]<\/p>\n<p data-start=\"748\" data-end=\"843\"><strong data-start=\"748\" data-end=\"764\">Happy Hour \u2013<\/strong> Acest curs este disponibil \u0219i ca <em data-start=\"798\" data-end=\"814\">IKI Happy Hour<\/em>, \u00eentre orele 14:00 \u0219i 17:00.<\/p>\n<p data-start=\"845\" data-end=\"1094\"><strong data-start=\"845\" data-end=\"861\">Certificat \u2013<\/strong> Fiecare participant va primi, dup\u0103 promovarea examenului final, un certificat IKI care atest\u0103 nivelul de competen\u021b\u0103 lingvistic\u0103 atins. Cursul intensiv preg\u0103te\u0219te, de asemenea, pentru examenul de integrare \u00d6IF \u0219i pentru examenul \u00d6SD.<\/p>\n<p data-start=\"1096\" data-end=\"1206\"><strong data-start=\"1096\" data-end=\"1120\">Zile libere legale \u2013<\/strong> \u00cen zilele de s\u0103rb\u0103toare nu se \u021bin cursuri; orele pierdute vor fi recuperate ulterior.<\/p>\n<p>[\/vc_column_text]\r\n<div id=\"button-y7TlIBVwHP\" class=\"sh-button-container  sh-button-style-2\">\r\n\t<div class=\"sh-element-margin\">\r\n\t\t<a href=\"https:\/\/ikivienna.at\/sk\/kontakt-anmeldung\/\" target=\"_self\" class=\"sh-button sh-button-medium sh-button-icon-left\">\r\n\r\n\t\t\t\t\t\t\t<span class=\"sh-button-icon\">\r\n\t\t\t\t\t<i class=\"icon-graduation\"><\/i>\r\n\t\t\t\t<\/span>\r\n\t\t\t\r\n\t\t\t\t\t\t\t<span class=\"sh-button-text\">\r\n\t\t\t\t\t\u00censcrie-te acum!\t\t\t\t<\/span>\r\n\t\t\t\r\n\t\t\t\r\n\t\t<\/a>\r\n\t\t\t<\/div>\r\n<\/div>\r\n            <style type=\"text\/css\">\r\n                #button-y7TlIBVwHP .sh-button {border-radius: 5px;background-color: #3f3f3f;color: #ffffff;}#button-y7TlIBVwHP {}#button-y7TlIBVwHP:not(.sh-button-style-2) .sh-button:hover {}#button-y7TlIBVwHP.sh-button-style-2 .sh-button:after {}#button-y7TlIBVwHP.sh-button-style-2 .sh-button:hover {}@media (max-width: 800px) {#button-y7TlIBVwHP {text-align: center;}}            <\/style>\r\n        \r\n            \r\n            <div class=\"sh-empty-space vc_empty_space sh-empty-space-dKuXkroV20  \" style=\"height: 10px\">\r\n                <span class=\"vc_empty_space_inner\"><\/span>\r\n            <\/div>\r\n\r\n        [\/vc_column][\/vc_row]<\/p>\n","protected":false},"featured_media":41702,"parent":0,"template":"","acf":[],"yoast_head":"<!-- This site is optimized with the Yoast SEO plugin v17.0 - https:\/\/yoast.com\/wordpress\/plugins\/seo\/ -->\n<title>Cursuri intensive de german\u0103 - Cursuri de german\u0103 la IKI - \u00cenva\u021b\u0103 germana \u00een Viena<\/title>\n<meta name=\"robots\" content=\"index, follow, max-snippet:-1, max-image-preview:large, max-video-preview:-1\" \/>\n<link rel=\"canonical\" href=\"https:\/\/ikivienna.at\/ro\/cursuri-de-germana\/cursuri-intensive-de-germana\/\" \/>\n<meta property=\"og:locale\" content=\"ro_RO\" \/>\n<meta property=\"og:type\" content=\"article\" \/>\n<meta property=\"og:title\" content=\"Cursuri intensive de german\u0103 - Cursuri de german\u0103 la IKI - \u00cenva\u021b\u0103 germana \u00een Viena\" \/>\n<meta property=\"og:description\" content=\"[vc_row full_width=&#8221;stretch_row&#8221; gap=&#8221;25&#8243; overflow=&#8221;default&#8221; css=&#8221;.vc_custom_1666249025432{padding-top: 45px !important;background-color: #fae3e0 !important;}&#8221;][vc_column css_animation=&#8221;fadeIn&#8221; width=&#8221;1\/2&#8243; overflow=&#8221;default&#8221; css=&#8221;.vc_custom_1670337393580{margin-left: -7px !important;background-image: url(https:\/\/ikivienna.at\/wp-content\/uploads\/2022\/12\/PIC_intensivkurse2.jpg?id=37129) !important;background-position: center !important;background-repeat: no-repeat !important;background-size: cover !important;}&#8221;][vc_empty_space height=&#8221;300px&#8221;][\/vc_column][vc_column width=&#8221;1\/2&#8243; overflow=&#8221;default&#8221; css=&#8221;.vc_custom_1670340399879{margin-top: -25px !important;}&#8221;] Cursuri intensive de german\u0103 [vc_column_text css=&#8221;.vc_custom_1754566847471{margin-top: 5px !important;}&#8221;] Taxa cursului: \u20ac 499 [\/vc_column_text][vc_column_text css=&#8221;.vc_custom_1754566687063{margin-top: -15px !important;}&#8221;]...\" \/>\n<meta property=\"og:url\" content=\"https:\/\/ikivienna.at\/ro\/cursuri-de-germana\/cursuri-intensive-de-germana\/\" \/>\n<meta property=\"og:site_name\" content=\"Cursuri de german\u0103 la IKI - \u00cenva\u021b\u0103 germana \u00een Viena\" \/>\n<meta property=\"article:publisher\" content=\"https:\/\/www.facebook.com\/internationaleskulturinstitut\" \/>\n<meta property=\"article:modified_time\" content=\"2025-10-30T12:17:45+00:00\" \/>\n<meta property=\"og:image\" content=\"https:\/\/ikivienna.at\/wp-content\/uploads\/2023\/02\/IKI_Kurse_RO_16012023_intensiv.jpg\" \/>\n\t<meta property=\"og:image:width\" content=\"1181\" \/>\n\t<meta property=\"og:image:height\" content=\"1181\" \/>\n<meta name=\"twitter:card\" content=\"summary_large_image\" \/>\n<meta name=\"twitter:label1\" content=\"Timp estimat pentru citire\" \/>\n\t<meta name=\"twitter:data1\" content=\"2 minute\" \/>\n<script type=\"application\/ld+json\" class=\"yoast-schema-graph\">{\"@context\":\"https:\/\/schema.org\",\"@graph\":[{\"@type\":\"WebSite\",\"@id\":\"https:\/\/ikivienna.at\/#website\",\"url\":\"https:\/\/ikivienna.at\/\",\"name\":\"Cursuri de german\\u0103 la IKI - \\u00cenva\\u021b\\u0103 germana \\u00een Viena\",\"description\":\"IKI Internationales Kulturinstitut - \\u0218coala de limbi str\\u0103ine\",\"potentialAction\":[{\"@type\":\"SearchAction\",\"target\":{\"@type\":\"EntryPoint\",\"urlTemplate\":\"https:\/\/ikivienna.at\/?s={search_term_string}\"},\"query-input\":\"required name=search_term_string\"}],\"inLanguage\":\"ro-RO\"},{\"@type\":\"ImageObject\",\"@id\":\"https:\/\/ikivienna.at\/ro\/cursuri-de-germana\/cursuri-intensive-de-germana\/#primaryimage\",\"inLanguage\":\"ro-RO\",\"url\":\"https:\/\/ikivienna.at\/wp-content\/uploads\/2023\/02\/IKI_Kurse_RO_16012023_intensiv.jpg\",\"contentUrl\":\"https:\/\/ikivienna.at\/wp-content\/uploads\/2023\/02\/IKI_Kurse_RO_16012023_intensiv.jpg\",\"width\":1181,\"height\":1181},{\"@type\":\"WebPage\",\"@id\":\"https:\/\/ikivienna.at\/ro\/cursuri-de-germana\/cursuri-intensive-de-germana\/#webpage\",\"url\":\"https:\/\/ikivienna.at\/ro\/cursuri-de-germana\/cursuri-intensive-de-germana\/\",\"name\":\"Cursuri intensive de german\\u0103 - Cursuri de german\\u0103 la IKI - \\u00cenva\\u021b\\u0103 germana \\u00een Viena\",\"isPartOf\":{\"@id\":\"https:\/\/ikivienna.at\/#website\"},\"primaryImageOfPage\":{\"@id\":\"https:\/\/ikivienna.at\/ro\/cursuri-de-germana\/cursuri-intensive-de-germana\/#primaryimage\"},\"datePublished\":\"2023-02-02T14:43:27+00:00\",\"dateModified\":\"2025-10-30T12:17:45+00:00\",\"breadcrumb\":{\"@id\":\"https:\/\/ikivienna.at\/ro\/cursuri-de-germana\/cursuri-intensive-de-germana\/#breadcrumb\"},\"inLanguage\":\"ro-RO\",\"potentialAction\":[{\"@type\":\"ReadAction\",\"target\":[\"https:\/\/ikivienna.at\/ro\/cursuri-de-germana\/cursuri-intensive-de-germana\/\"]}]},{\"@type\":\"BreadcrumbList\",\"@id\":\"https:\/\/ikivienna.at\/ro\/cursuri-de-germana\/cursuri-intensive-de-germana\/#breadcrumb\",\"itemListElement\":[{\"@type\":\"ListItem\",\"position\":1,\"name\":\"Prima pagin\\u0103\",\"item\":\"https:\/\/ikivienna.at\/ro\/\"},{\"@type\":\"ListItem\",\"position\":2,\"name\":\"Courses\",\"item\":\"https:\/\/ikivienna.at\/en\/germancourses\/\"},{\"@type\":\"ListItem\",\"position\":3,\"name\":\"Cursuri intensive de german\\u0103\"}]}]}<\/script>\n<!-- \/ Yoast SEO plugin. -->","yoast_head_json":{"title":"Cursuri intensive de german\u0103 - Cursuri de german\u0103 la IKI - \u00cenva\u021b\u0103 germana \u00een Viena","robots":{"index":"index","follow":"follow","max-snippet":"max-snippet:-1","max-image-preview":"max-image-preview:large","max-video-preview":"max-video-preview:-1"},"canonical":"https:\/\/ikivienna.at\/ro\/cursuri-de-germana\/cursuri-intensive-de-germana\/","og_locale":"ro_RO","og_type":"article","og_title":"Cursuri intensive de german\u0103 - Cursuri de german\u0103 la IKI - \u00cenva\u021b\u0103 germana \u00een Viena","og_description":"[vc_row full_width=&#8221;stretch_row&#8221; gap=&#8221;25&#8243; overflow=&#8221;default&#8221; css=&#8221;.vc_custom_1666249025432{padding-top: 45px !important;background-color: #fae3e0 !important;}&#8221;][vc_column css_animation=&#8221;fadeIn&#8221; width=&#8221;1\/2&#8243; overflow=&#8221;default&#8221; css=&#8221;.vc_custom_1670337393580{margin-left: -7px !important;background-image: url(https:\/\/ikivienna.at\/wp-content\/uploads\/2022\/12\/PIC_intensivkurse2.jpg?id=37129) !important;background-position: center !important;background-repeat: no-repeat !important;background-size: cover !important;}&#8221;][vc_empty_space height=&#8221;300px&#8221;][\/vc_column][vc_column width=&#8221;1\/2&#8243; overflow=&#8221;default&#8221; css=&#8221;.vc_custom_1670340399879{margin-top: -25px !important;}&#8221;] Cursuri intensive de german\u0103 [vc_column_text css=&#8221;.vc_custom_1754566847471{margin-top: 5px !important;}&#8221;] Taxa cursului: \u20ac 499 [\/vc_column_text][vc_column_text css=&#8221;.vc_custom_1754566687063{margin-top: -15px !important;}&#8221;]...","og_url":"https:\/\/ikivienna.at\/ro\/cursuri-de-germana\/cursuri-intensive-de-germana\/","og_site_name":"Cursuri de german\u0103 la IKI - \u00cenva\u021b\u0103 germana \u00een Viena","article_publisher":"https:\/\/www.facebook.com\/internationaleskulturinstitut","article_modified_time":"2025-10-30T12:17:45+00:00","og_image":[{"width":1181,"height":1181,"url":"https:\/\/ikivienna.at\/wp-content\/uploads\/2023\/02\/IKI_Kurse_RO_16012023_intensiv.jpg","path":"\/home\/jaypnqsqj744\/webseiten\/www.ikivienna.at\/wp-content\/uploads\/2023\/02\/IKI_Kurse_RO_16012023_intensiv.jpg","size":"full","id":41702,"alt":"","pixels":1394761,"type":"image\/jpeg"}],"twitter_card":"summary_large_image","twitter_misc":{"Timp estimat pentru citire":"2 minute"},"schema":{"@context":"https:\/\/schema.org","@graph":[{"@type":"WebSite","@id":"https:\/\/ikivienna.at\/#website","url":"https:\/\/ikivienna.at\/","name":"Cursuri de german\u0103 la IKI - \u00cenva\u021b\u0103 germana \u00een Viena","description":"IKI Internationales Kulturinstitut - \u0218coala de limbi str\u0103ine","potentialAction":[{"@type":"SearchAction","target":{"@type":"EntryPoint","urlTemplate":"https:\/\/ikivienna.at\/?s={search_term_string}"},"query-input":"required name=search_term_string"}],"inLanguage":"ro-RO"},{"@type":"ImageObject","@id":"https:\/\/ikivienna.at\/ro\/cursuri-de-germana\/cursuri-intensive-de-germana\/#primaryimage","inLanguage":"ro-RO","url":"https:\/\/ikivienna.at\/wp-content\/uploads\/2023\/02\/IKI_Kurse_RO_16012023_intensiv.jpg","contentUrl":"https:\/\/ikivienna.at\/wp-content\/uploads\/2023\/02\/IKI_Kurse_RO_16012023_intensiv.jpg","width":1181,"height":1181},{"@type":"WebPage","@id":"https:\/\/ikivienna.at\/ro\/cursuri-de-germana\/cursuri-intensive-de-germana\/#webpage","url":"https:\/\/ikivienna.at\/ro\/cursuri-de-germana\/cursuri-intensive-de-germana\/","name":"Cursuri intensive de german\u0103 - Cursuri de german\u0103 la IKI - \u00cenva\u021b\u0103 germana \u00een Viena","isPartOf":{"@id":"https:\/\/ikivienna.at\/#website"},"primaryImageOfPage":{"@id":"https:\/\/ikivienna.at\/ro\/cursuri-de-germana\/cursuri-intensive-de-germana\/#primaryimage"},"datePublished":"2023-02-02T14:43:27+00:00","dateModified":"2025-10-30T12:17:45+00:00","breadcrumb":{"@id":"https:\/\/ikivienna.at\/ro\/cursuri-de-germana\/cursuri-intensive-de-germana\/#breadcrumb"},"inLanguage":"ro-RO","potentialAction":[{"@type":"ReadAction","target":["https:\/\/ikivienna.at\/ro\/cursuri-de-germana\/cursuri-intensive-de-germana\/"]}]},{"@type":"BreadcrumbList","@id":"https:\/\/ikivienna.at\/ro\/cursuri-de-germana\/cursuri-intensive-de-germana\/#breadcrumb","itemListElement":[{"@type":"ListItem","position":1,"name":"Prima pagin\u0103","item":"https:\/\/ikivienna.at\/ro\/"},{"@type":"ListItem","position":2,"name":"Courses","item":"https:\/\/ikivienna.at\/en\/germancourses\/"},{"@type":"ListItem","position":3,"name":"Cursuri intensive de german\u0103"}]}]}},"_links":{"self":[{"href":"https:\/\/ikivienna.at\/ro\/wp-json\/wp\/v2\/course\/41682"}],"collection":[{"href":"https:\/\/ikivienna.at\/ro\/wp-json\/wp\/v2\/course"}],"about":[{"href":"https:\/\/ikivienna.at\/ro\/wp-json\/wp\/v2\/types\/course"}],"wp:featuredmedia":[{"embeddable":true,"href":"https:\/\/ikivienna.at\/ro\/wp-json\/wp\/v2\/media\/41702"}],"wp:attachment":[{"href":"https:\/\/ikivienna.at\/ro\/wp-json\/wp\/v2\/media?parent=41682"}],"curies":[{"name":"wp","href":"https:\/\/api.w.org\/{rel}","templated":true}]}}