{"id":42362,"date":"2023-02-10T08:22:40","date_gmt":"2023-02-10T07:22:40","guid":{"rendered":"https:\/\/ikivienna.at\/deutsch-kurse\/vecerne-kurzy-nemciny\/"},"modified":"2025-10-30T13:23:47","modified_gmt":"2025-10-30T12:23:47","slug":"vecerne-kurzy-nemciny-po-st","status":"publish","type":"course","link":"https:\/\/ikivienna.at\/sk\/kurzy-nemciny\/vecerne-kurzy-nemciny-po-st\/","title":{"rendered":"Ve\u010dern\u00e9 kurzy nem\u010diny Po\/St."},"content":{"rendered":"<p>[vc_row full_width=&#8220;stretch_row&#8220; gap=&#8220;25&#8243; overflow=&#8220;default&#8220; css=&#8220;.vc_custom_1666943398964{padding-top: 45px !important;background-color: #efefef !important;}&#8220;][vc_column css_animation=&#8220;fadeIn&#8220; width=&#8220;1\/2&#8243; overflow=&#8220;default&#8220; css=&#8220;.vc_custom_1670340064957{margin-left: -7px !important;background-image: url(https:\/\/ikivienna.at\/wp-content\/uploads\/2022\/12\/PIC_abendacademy2.jpg?id=37093) !important;background-position: center !important;background-repeat: no-repeat !important;background-size: cover !important;}&#8220;][vc_empty_space height=&#8220;300px&#8220;][\/vc_column][vc_column width=&#8220;1\/2&#8243; overflow=&#8220;default&#8220; css=&#8220;.vc_custom_1670340349113{margin-top: -25px !important;}&#8220;]\r\n<div class=\"sh-heading  \" id=\"heading-uRYCdWzlct\">\r\n\t<div class=\"sh-element-margin\">\r\n\r\n\t\t\r\n\t\t\t<h1 class=\"sh-heading-content size-default text-left\">\r\n\t\t\t\tVe\u010dern\u00e9 kurzy nem\u010diny\t\t\t<\/h1>\r\n\r\n\t\t\r\n\t<\/div>\r\n<\/div>\r\n            <style type=\"text\/css\">\r\n                #heading-uRYCdWzlct .sh-element-margin {margin: -25x 0px 20px 0px;}#heading-uRYCdWzlct .sh-heading-content {font-weight: 700!important;color: #000000;}#heading-uRYCdWzlct .sh-heading-content,#heading-uRYCdWzlct .sh-heading-additional-text {}            <\/style>\r\n        [vc_column_text el_class=&#8220;h4-no-padding&#8220; css=&#8220;.vc_custom_1755785760846{margin-top: 15px !important;}&#8220;]<\/p>\n<h4 class=\"p1\"><strong>Cena kurzu: \u20ac 279 \u2013 \u20ac 469<\/strong><\/h4>\n<p>[\/vc_column_text][vc_column_text css=&#8220;.vc_custom_1755785781824{margin-top: -15px !important;}&#8220;]<\/p>\n<ul>\n<li><strong>\u010cas kurzu:<\/strong> pondelok a streda alebo utorok a \u0161tvrtok, v\u017edy od 18:00 do 20:00<\/li>\n<li><strong>Vyu\u010dovacie jednotky:<\/strong> 54 jednotiek po 45 min\u00fat<\/li>\n<li><strong>\u00darovne kurzov:<\/strong> A1, A2, B1, B2, C1, C2, pod\u013ea Spolo\u010dn\u00e9ho eur\u00f3pskeho referen\u010dn\u00e9ho r\u00e1mca pre jazyky (SERR)<\/li>\n<li><strong>\u0160tudijn\u00e9 materi\u00e1ly:<\/strong> pau\u0161\u00e1lny poplatok \u20ac 25,- za knihy, k\u00f3pie, potvrdenia a certifik\u00e1ty<\/li>\n<\/ul>\n<p>[\/vc_column_text][\/vc_column][\/vc_row][vc_row overflow=&#8220;default&#8220;][vc_column]\r\n<div class=\"sh-heading  \" id=\"heading-6vGZOX5U7u\">\r\n\t<div class=\"sh-element-margin\">\r\n\r\n\t\t\r\n\t\t\t<h4 class=\"sh-heading-content size-default text-left\">\r\n\t\t\t\tVe\u010dern\u00e9 kurzy nem\u010diny \u2013 u\u010d sa nemecky popri svojej pr\u00e1ci!\t\t\t<\/h4>\r\n\r\n\t\t\r\n\t<\/div>\r\n<\/div>\r\n            <style type=\"text\/css\">\r\n                #heading-6vGZOX5U7u .sh-element-margin {margin: -25px 0px 15px 0px;}#heading-6vGZOX5U7u .sh-heading-content {font-weight: 700!important;}#heading-6vGZOX5U7u .sh-heading-content,#heading-6vGZOX5U7u .sh-heading-additional-text {}            <\/style>\r\n        [vc_column_text]<strong>Certifik\u00e1t<\/strong>: Po \u00faspe\u0161nom ukon\u010den\u00ed kurzu dostane\u0161 IKI certifik\u00e1t, ktor\u00fd potvrdzuje tvoje pokroky v u\u010den\u00ed. Ka\u017ed\u00fd blok kurzu pokr\u00fdva cel\u00fa jazykov\u00fa \u00farove\u0148.<\/p>\n<p><strong>Ve\u010dern\u00e9 kurzy v lete<\/strong>: V lete m\u00f4\u017ee\u0161 absolvova\u0165 dva p\u00e4\u0165t\u00fd\u017ed\u0148ov\u00e9 kurzy, ke\u010f\u017ee v auguste sa ve\u010dern\u00e9 kurzy neorganizuj\u00fa.<\/p>\n<p><strong>Sviatky<\/strong>: V d\u0148och pracovn\u00e9ho pokoja sa v\u00fdu\u010dba nekon\u00e1. Zme\u0161kan\u00e9 hodiny sa nahradia.<br \/>\n[\/vc_column_text][\/vc_column][\/vc_row][vc_row overflow=&#8220;default&#8220; css=&#8220;.vc_custom_1755785865008{margin-bottom: 10px !important;}&#8220;][vc_column]\r\n<div id=\"button-oF4WUyXITk\" class=\"sh-button-container  sh-button-style-2\">\r\n\t<div class=\"sh-element-margin\">\r\n\t\t<a href=\"https:\/\/ikivienna.at\/sk\/kontakt-anmeldung\/\" target=\"_self\" class=\"sh-button sh-button-medium sh-button-icon-left\">\r\n\r\n\t\t\t\t\t\t\t<span class=\"sh-button-icon\">\r\n\t\t\t\t\t<i class=\"icon-graduation\"><\/i>\r\n\t\t\t\t<\/span>\r\n\t\t\t\r\n\t\t\t\t\t\t\t<span class=\"sh-button-text\">\r\n\t\t\t\t\tPrihl\u00e1s sa tu\t\t\t\t<\/span>\r\n\t\t\t\r\n\t\t\t\r\n\t\t<\/a>\r\n\t\t\t<\/div>\r\n<\/div>\r\n            <style type=\"text\/css\">\r\n                #button-oF4WUyXITk .sh-button {border-radius: 5px;background-color: #3f3f3f;color: #ffffff;}#button-oF4WUyXITk {}#button-oF4WUyXITk:not(.sh-button-style-2) .sh-button:hover {}#button-oF4WUyXITk.sh-button-style-2 .sh-button:after {}#button-oF4WUyXITk.sh-button-style-2 .sh-button:hover {}@media (max-width: 800px) {#button-oF4WUyXITk {text-align: center;}}            <\/style>\r\n        [\/vc_column][\/vc_row]<\/p>\n","protected":false},"featured_media":39789,"parent":0,"template":"","acf":[],"yoast_head":"<!-- This site is optimized with the Yoast SEO plugin v17.0 - https:\/\/yoast.com\/wordpress\/plugins\/seo\/ -->\n<title>Ve\u010dern\u00e9 kurzy nem\u010diny Po\/St. - Kurzy nem\u010diny IKI - v\u00fdu\u010dba nem\u010diny vo Viedni<\/title>\n<meta name=\"robots\" content=\"index, follow, max-snippet:-1, max-image-preview:large, max-video-preview:-1\" \/>\n<link rel=\"canonical\" href=\"https:\/\/ikivienna.at\/sk\/kurzy-nemciny\/vecerne-kurzy-nemciny-po-st\/\" \/>\n<meta property=\"og:locale\" content=\"sk_SK\" \/>\n<meta property=\"og:type\" content=\"article\" \/>\n<meta property=\"og:title\" content=\"Ve\u010dern\u00e9 kurzy nem\u010diny Po\/St. - Kurzy nem\u010diny IKI - v\u00fdu\u010dba nem\u010diny vo Viedni\" \/>\n<meta property=\"og:description\" content=\"[vc_row full_width=&#8220;stretch_row&#8220; gap=&#8220;25&#8243; overflow=&#8220;default&#8220; css=&#8220;.vc_custom_1666943398964{padding-top: 45px !important;background-color: #efefef !important;}&#8220;][vc_column css_animation=&#8220;fadeIn&#8220; width=&#8220;1\/2&#8243; overflow=&#8220;default&#8220; css=&#8220;.vc_custom_1670340064957{margin-left: -7px !important;background-image: url(https:\/\/ikivienna.at\/wp-content\/uploads\/2022\/12\/PIC_abendacademy2.jpg?id=37093) !important;background-position: center !important;background-repeat: no-repeat !important;background-size: cover !important;}&#8220;][vc_empty_space height=&#8220;300px&#8220;][\/vc_column][vc_column width=&#8220;1\/2&#8243; overflow=&#8220;default&#8220; css=&#8220;.vc_custom_1670340349113{margin-top: -25px !important;}&#8220;] Ve\u010dern\u00e9 kurzy nem\u010diny [vc_column_text el_class=&#8220;h4-no-padding&#8220; css=&#8220;.vc_custom_1755785760846{margin-top: 15px !important;}&#8220;] Cena kurzu: \u20ac 279 \u2013 \u20ac 469 [\/vc_column_text][vc_column_text...\" \/>\n<meta property=\"og:url\" content=\"https:\/\/ikivienna.at\/sk\/kurzy-nemciny\/vecerne-kurzy-nemciny-po-st\/\" \/>\n<meta property=\"og:site_name\" content=\"Kurzy nem\u010diny IKI - v\u00fdu\u010dba nem\u010diny vo Viedni\" \/>\n<meta property=\"article:publisher\" content=\"https:\/\/www.facebook.com\/internationaleskulturinstitut\" \/>\n<meta property=\"article:modified_time\" content=\"2025-10-30T12:23:47+00:00\" \/>\n<meta property=\"og:image\" content=\"https:\/\/ikivienna.at\/wp-content\/uploads\/2023\/01\/IKI_Kurse_SK_160120233_abend.jpg\" \/>\n\t<meta property=\"og:image:width\" content=\"1181\" \/>\n\t<meta property=\"og:image:height\" content=\"1181\" \/>\n<meta name=\"twitter:card\" content=\"summary_large_image\" \/>\n<meta name=\"twitter:label1\" content=\"Predpokladan\u00fd \u010das \u010d\u00edtania\" \/>\n\t<meta name=\"twitter:data1\" content=\"1 min\u00fata\" \/>\n<script type=\"application\/ld+json\" class=\"yoast-schema-graph\">{\"@context\":\"https:\/\/schema.org\",\"@graph\":[{\"@type\":\"WebSite\",\"@id\":\"https:\/\/ikivienna.at\/#website\",\"url\":\"https:\/\/ikivienna.at\/\",\"name\":\"Kurzy nem\\u010diny IKI - v\\u00fdu\\u010dba nem\\u010diny vo Viedni\",\"description\":\"IKI Internationales Kulturinstitut - Jazykov\\u00e1 \\u0161kola\",\"potentialAction\":[{\"@type\":\"SearchAction\",\"target\":{\"@type\":\"EntryPoint\",\"urlTemplate\":\"https:\/\/ikivienna.at\/?s={search_term_string}\"},\"query-input\":\"required name=search_term_string\"}],\"inLanguage\":\"sk-SK\"},{\"@type\":\"ImageObject\",\"@id\":\"https:\/\/ikivienna.at\/sk\/kurzy-nemciny\/vecerne-kurzy-nemciny-po-st\/#primaryimage\",\"inLanguage\":\"sk-SK\",\"url\":\"https:\/\/ikivienna.at\/wp-content\/uploads\/2023\/01\/IKI_Kurse_SK_160120233_abend.jpg\",\"contentUrl\":\"https:\/\/ikivienna.at\/wp-content\/uploads\/2023\/01\/IKI_Kurse_SK_160120233_abend.jpg\",\"width\":1181,\"height\":1181},{\"@type\":\"WebPage\",\"@id\":\"https:\/\/ikivienna.at\/sk\/kurzy-nemciny\/vecerne-kurzy-nemciny-po-st\/#webpage\",\"url\":\"https:\/\/ikivienna.at\/sk\/kurzy-nemciny\/vecerne-kurzy-nemciny-po-st\/\",\"name\":\"Ve\\u010dern\\u00e9 kurzy nem\\u010diny Po\/St. - Kurzy nem\\u010diny IKI - v\\u00fdu\\u010dba nem\\u010diny vo Viedni\",\"isPartOf\":{\"@id\":\"https:\/\/ikivienna.at\/#website\"},\"primaryImageOfPage\":{\"@id\":\"https:\/\/ikivienna.at\/sk\/kurzy-nemciny\/vecerne-kurzy-nemciny-po-st\/#primaryimage\"},\"datePublished\":\"2023-02-10T07:22:40+00:00\",\"dateModified\":\"2025-10-30T12:23:47+00:00\",\"breadcrumb\":{\"@id\":\"https:\/\/ikivienna.at\/sk\/kurzy-nemciny\/vecerne-kurzy-nemciny-po-st\/#breadcrumb\"},\"inLanguage\":\"sk-SK\",\"potentialAction\":[{\"@type\":\"ReadAction\",\"target\":[\"https:\/\/ikivienna.at\/sk\/kurzy-nemciny\/vecerne-kurzy-nemciny-po-st\/\"]}]},{\"@type\":\"BreadcrumbList\",\"@id\":\"https:\/\/ikivienna.at\/sk\/kurzy-nemciny\/vecerne-kurzy-nemciny-po-st\/#breadcrumb\",\"itemListElement\":[{\"@type\":\"ListItem\",\"position\":1,\"name\":\"Domovsk\\u00e1 str\\u00e1nka\",\"item\":\"https:\/\/ikivienna.at\/sk\/\"},{\"@type\":\"ListItem\",\"position\":2,\"name\":\"Courses\",\"item\":\"https:\/\/ikivienna.at\/en\/germancourses\/\"},{\"@type\":\"ListItem\",\"position\":3,\"name\":\"Ve\\u010dern\\u00e9 kurzy nem\\u010diny Po\/St.\"}]}]}<\/script>\n<!-- \/ Yoast SEO plugin. -->","yoast_head_json":{"title":"Ve\u010dern\u00e9 kurzy nem\u010diny Po\/St. - Kurzy nem\u010diny IKI - v\u00fdu\u010dba nem\u010diny vo Viedni","robots":{"index":"index","follow":"follow","max-snippet":"max-snippet:-1","max-image-preview":"max-image-preview:large","max-video-preview":"max-video-preview:-1"},"canonical":"https:\/\/ikivienna.at\/sk\/kurzy-nemciny\/vecerne-kurzy-nemciny-po-st\/","og_locale":"sk_SK","og_type":"article","og_title":"Ve\u010dern\u00e9 kurzy nem\u010diny Po\/St. - Kurzy nem\u010diny IKI - v\u00fdu\u010dba nem\u010diny vo Viedni","og_description":"[vc_row full_width=&#8220;stretch_row&#8220; gap=&#8220;25&#8243; overflow=&#8220;default&#8220; css=&#8220;.vc_custom_1666943398964{padding-top: 45px !important;background-color: #efefef !important;}&#8220;][vc_column css_animation=&#8220;fadeIn&#8220; width=&#8220;1\/2&#8243; overflow=&#8220;default&#8220; css=&#8220;.vc_custom_1670340064957{margin-left: -7px !important;background-image: url(https:\/\/ikivienna.at\/wp-content\/uploads\/2022\/12\/PIC_abendacademy2.jpg?id=37093) !important;background-position: center !important;background-repeat: no-repeat !important;background-size: cover !important;}&#8220;][vc_empty_space height=&#8220;300px&#8220;][\/vc_column][vc_column width=&#8220;1\/2&#8243; overflow=&#8220;default&#8220; css=&#8220;.vc_custom_1670340349113{margin-top: -25px !important;}&#8220;] Ve\u010dern\u00e9 kurzy nem\u010diny [vc_column_text el_class=&#8220;h4-no-padding&#8220; css=&#8220;.vc_custom_1755785760846{margin-top: 15px !important;}&#8220;] Cena kurzu: \u20ac 279 \u2013 \u20ac 469 [\/vc_column_text][vc_column_text...","og_url":"https:\/\/ikivienna.at\/sk\/kurzy-nemciny\/vecerne-kurzy-nemciny-po-st\/","og_site_name":"Kurzy nem\u010diny IKI - v\u00fdu\u010dba nem\u010diny vo Viedni","article_publisher":"https:\/\/www.facebook.com\/internationaleskulturinstitut","article_modified_time":"2025-10-30T12:23:47+00:00","og_image":[{"width":1181,"height":1181,"url":"https:\/\/ikivienna.at\/wp-content\/uploads\/2023\/01\/IKI_Kurse_SK_160120233_abend.jpg","path":"\/home\/jaypnqsqj744\/webseiten\/www.ikivienna.at\/wp-content\/uploads\/2023\/01\/IKI_Kurse_SK_160120233_abend.jpg","size":"full","id":39789,"alt":"","pixels":1394761,"type":"image\/jpeg"}],"twitter_card":"summary_large_image","twitter_misc":{"Predpokladan\u00fd \u010das \u010d\u00edtania":"1 min\u00fata"},"schema":{"@context":"https:\/\/schema.org","@graph":[{"@type":"WebSite","@id":"https:\/\/ikivienna.at\/#website","url":"https:\/\/ikivienna.at\/","name":"Kurzy nem\u010diny IKI - v\u00fdu\u010dba nem\u010diny vo Viedni","description":"IKI Internationales Kulturinstitut - Jazykov\u00e1 \u0161kola","potentialAction":[{"@type":"SearchAction","target":{"@type":"EntryPoint","urlTemplate":"https:\/\/ikivienna.at\/?s={search_term_string}"},"query-input":"required name=search_term_string"}],"inLanguage":"sk-SK"},{"@type":"ImageObject","@id":"https:\/\/ikivienna.at\/sk\/kurzy-nemciny\/vecerne-kurzy-nemciny-po-st\/#primaryimage","inLanguage":"sk-SK","url":"https:\/\/ikivienna.at\/wp-content\/uploads\/2023\/01\/IKI_Kurse_SK_160120233_abend.jpg","contentUrl":"https:\/\/ikivienna.at\/wp-content\/uploads\/2023\/01\/IKI_Kurse_SK_160120233_abend.jpg","width":1181,"height":1181},{"@type":"WebPage","@id":"https:\/\/ikivienna.at\/sk\/kurzy-nemciny\/vecerne-kurzy-nemciny-po-st\/#webpage","url":"https:\/\/ikivienna.at\/sk\/kurzy-nemciny\/vecerne-kurzy-nemciny-po-st\/","name":"Ve\u010dern\u00e9 kurzy nem\u010diny Po\/St. - Kurzy nem\u010diny IKI - v\u00fdu\u010dba nem\u010diny vo Viedni","isPartOf":{"@id":"https:\/\/ikivienna.at\/#website"},"primaryImageOfPage":{"@id":"https:\/\/ikivienna.at\/sk\/kurzy-nemciny\/vecerne-kurzy-nemciny-po-st\/#primaryimage"},"datePublished":"2023-02-10T07:22:40+00:00","dateModified":"2025-10-30T12:23:47+00:00","breadcrumb":{"@id":"https:\/\/ikivienna.at\/sk\/kurzy-nemciny\/vecerne-kurzy-nemciny-po-st\/#breadcrumb"},"inLanguage":"sk-SK","potentialAction":[{"@type":"ReadAction","target":["https:\/\/ikivienna.at\/sk\/kurzy-nemciny\/vecerne-kurzy-nemciny-po-st\/"]}]},{"@type":"BreadcrumbList","@id":"https:\/\/ikivienna.at\/sk\/kurzy-nemciny\/vecerne-kurzy-nemciny-po-st\/#breadcrumb","itemListElement":[{"@type":"ListItem","position":1,"name":"Domovsk\u00e1 str\u00e1nka","item":"https:\/\/ikivienna.at\/sk\/"},{"@type":"ListItem","position":2,"name":"Courses","item":"https:\/\/ikivienna.at\/en\/germancourses\/"},{"@type":"ListItem","position":3,"name":"Ve\u010dern\u00e9 kurzy nem\u010diny Po\/St."}]}]}},"_links":{"self":[{"href":"https:\/\/ikivienna.at\/sk\/wp-json\/wp\/v2\/course\/42362"}],"collection":[{"href":"https:\/\/ikivienna.at\/sk\/wp-json\/wp\/v2\/course"}],"about":[{"href":"https:\/\/ikivienna.at\/sk\/wp-json\/wp\/v2\/types\/course"}],"wp:featuredmedia":[{"embeddable":true,"href":"https:\/\/ikivienna.at\/sk\/wp-json\/wp\/v2\/media\/39789"}],"wp:attachment":[{"href":"https:\/\/ikivienna.at\/sk\/wp-json\/wp\/v2\/media?parent=42362"}],"curies":[{"name":"wp","href":"https:\/\/api.w.org\/{rel}","templated":true}]}}